{"id":528,"date":"2018-11-28T12:03:08","date_gmt":"2018-11-28T11:03:08","guid":{"rendered":"http:\/\/www.cemf.fr\/lpem\/?page_id=528"},"modified":"2018-11-29T16:34:39","modified_gmt":"2018-11-29T15:34:39","slug":"les-prix-de-lenseignement-musical-2018-le-palmares","status":"publish","type":"page","link":"https:\/\/www.cemf.fr\/lpem\/les-prix-de-lenseignement-musical-2018-le-palmares\/","title":{"rendered":"Les Prix de l&rsquo;Enseignement Musical 2018 : Le Palmar\u00e8s"},"content":{"rendered":"<h1 style=\"text-align: center;\">C\u00e9r\u00e9monie de la 5e \u00e9dition des Prix de l&rsquo;Enseignement Musical.<br \/>\n26 novembre 2018 &#8211; Tour Eiffel<\/h1>\n<div id=\"metaslider-id-546\" style=\"width: 100%;\" class=\"ml-slider-3-107-0 metaslider metaslider-flex metaslider-546 ml-slider has-dots-nav ms-theme-default\" role=\"region\" aria-label=\"LPEM2018\" data-height=\"683\" data-width=\"1024\">\n    <div id=\"metaslider_container_546\">\n        <div id=\"metaslider_546\">\n            <ul class='slides'>\n                <li style=\"display: block; width: 100%;\" class=\"slide-586 ms-image \" aria-roledescription=\"slide\" data-date=\"2018-11-29 15:56:23\" data-filename=\"W18CD1126CEMF_0012.jpg\" data-slide-type=\"image\"><img data-recalc-dims=\"1\" loading=\"lazy\" decoding=\"async\" src=\"https:\/\/i0.wp.com\/www.cemf.fr\/lpem\/wp-content\/uploads\/2018\/11\/W18CD1126CEMF_0012.jpg?resize=1024%2C683&#038;ssl=1\" height=\"683\" width=\"1024\" alt=\"\" class=\"slider-546 slide-586 msDefaultImage\" title=\"CEMF. Prix de l&#039;Enseignement Musical 2018. photo Caroline Doutre\" \/><div class=\"caption-wrap\"><div class=\"caption\">C\u00e9r\u00e9monie des Prix de l'Enseignement Musical, Tour Eiffel 26 novembre 2018.\nCEMF. Prix de l'Enseignement Musical 2018. photo Caroline Doutre<\/div><\/div><\/li>\n                <li style=\"display: none; width: 100%;\" class=\"slide-587 ms-image \" aria-roledescription=\"slide\" data-date=\"2018-11-29 15:56:23\" data-filename=\"W18CD1126CEMF_0067.jpg\" data-slide-type=\"image\"><img data-recalc-dims=\"1\" loading=\"lazy\" decoding=\"async\" src=\"https:\/\/i0.wp.com\/www.cemf.fr\/lpem\/wp-content\/uploads\/2018\/11\/W18CD1126CEMF_0067.jpg?resize=1024%2C683&#038;ssl=1\" height=\"683\" width=\"1024\" alt=\"\" class=\"slider-546 slide-587 msDefaultImage\" title=\"CEMF. Prix de l&#039;Enseignement Musical 2018. photo Caroline Doutre\" \/><div class=\"caption-wrap\"><div class=\"caption\">Troph\u00e9e des Prix de l'Enseignement Musical.\nPrix de l'Enseignement Musical 2018. photo Caroline Doutre<\/div><\/div><\/li>\n                <li style=\"display: none; width: 100%;\" class=\"slide-588 ms-image \" aria-roledescription=\"slide\" data-date=\"2018-11-29 15:56:23\" data-filename=\"W18CD1126CEMF_0229-683x455.jpg\" data-slide-type=\"image\"><img data-recalc-dims=\"1\" loading=\"lazy\" decoding=\"async\" src=\"https:\/\/i0.wp.com\/www.cemf.fr\/lpem\/wp-content\/uploads\/2018\/11\/W18CD1126CEMF_0229.jpg?resize=1024%2C683&#038;ssl=1\" height=\"683\" width=\"1024\" alt=\"\" class=\"slider-546 slide-588 msDefaultImage\" title=\"CEMF. Prix de l&#039;Enseignement Musical 2018. photo Caroline Doutre\" \/><div class=\"caption-wrap\"><div class=\"caption\">Saxback Ensemble. Prix de l'Enseignement Musical 2018. photo Caroline Doutre<\/div><\/div><\/li>\n                <li style=\"display: none; width: 100%;\" class=\"slide-589 ms-image \" aria-roledescription=\"slide\" data-date=\"2018-11-29 15:56:23\" data-filename=\"W18CD1126CEMF_0281.jpg\" data-slide-type=\"image\"><img data-recalc-dims=\"1\" loading=\"lazy\" decoding=\"async\" src=\"https:\/\/i0.wp.com\/www.cemf.fr\/lpem\/wp-content\/uploads\/2018\/11\/W18CD1126CEMF_0281.jpg?resize=1024%2C683&#038;ssl=1\" height=\"683\" width=\"1024\" alt=\"\" class=\"slider-546 slide-589 msDefaultImage\" title=\"CEMF. Prix de l&#039;Enseignement Musical 2018. photo Caroline Doutre\" \/><div class=\"caption-wrap\"><div class=\"caption\">Saxback Ensemble. Prix de l'Enseignement Musical 2018. photo Caroline Doutre<\/div><\/div><\/li>\n                <li style=\"display: none; width: 100%;\" class=\"slide-590 ms-image \" aria-roledescription=\"slide\" data-date=\"2018-11-29 15:56:24\" data-filename=\"W18CD1126CEMF_0285.jpg\" data-slide-type=\"image\"><img data-recalc-dims=\"1\" loading=\"lazy\" decoding=\"async\" src=\"https:\/\/i0.wp.com\/www.cemf.fr\/lpem\/wp-content\/uploads\/2018\/11\/W18CD1126CEMF_0285.jpg?resize=1024%2C683&#038;ssl=1\" height=\"683\" width=\"1024\" alt=\"\" class=\"slider-546 slide-590 msDefaultImage\" title=\"CEMF. Prix de l&#039;Enseignement Musical 2018. photo Caroline Doutre\" \/><div class=\"caption-wrap\"><div class=\"caption\">Saxback Ensemble. Prix de l'Enseignement Musical 2018. photo Caroline Doutre<\/div><\/div><\/li>\n                <li style=\"display: none; width: 100%;\" class=\"slide-591 ms-image \" aria-roledescription=\"slide\" data-date=\"2018-11-29 15:56:24\" data-filename=\"W18CD1126CEMF_0300.jpg\" data-slide-type=\"image\"><img data-recalc-dims=\"1\" loading=\"lazy\" decoding=\"async\" src=\"https:\/\/i0.wp.com\/www.cemf.fr\/lpem\/wp-content\/uploads\/2018\/11\/W18CD1126CEMF_0300.jpg?resize=1024%2C683&#038;ssl=1\" height=\"683\" width=\"1024\" alt=\"\" class=\"slider-546 slide-591 msDefaultImage\" title=\"CEMF. Prix de l&#039;Enseignement Musical 2018. photo Caroline Doutre\" \/><div class=\"caption-wrap\"><div class=\"caption\">Saxback Ensemble. Prix de l'Enseignement Musical 2018. photo Caroline Doutre<\/div><\/div><\/li>\n                <li style=\"display: none; width: 100%;\" class=\"slide-592 ms-image \" aria-roledescription=\"slide\" data-date=\"2018-11-29 15:56:24\" data-filename=\"W18CD1126CEMF_0346.jpg\" data-slide-type=\"image\"><img data-recalc-dims=\"1\" loading=\"lazy\" decoding=\"async\" src=\"https:\/\/i0.wp.com\/www.cemf.fr\/lpem\/wp-content\/uploads\/2018\/11\/W18CD1126CEMF_0346.jpg?resize=1024%2C683&#038;ssl=1\" height=\"683\" width=\"1024\" alt=\"\" class=\"slider-546 slide-592 msDefaultImage\" title=\"CEMF. Prix de l&#039;Enseignement Musical 2018. photo Caroline Doutre\" \/><\/li>\n                <li style=\"display: none; width: 100%;\" class=\"slide-593 ms-image \" aria-roledescription=\"slide\" data-date=\"2018-11-29 15:56:24\" data-filename=\"W18CD1126CEMF_0378.jpg\" data-slide-type=\"image\"><img data-recalc-dims=\"1\" loading=\"lazy\" decoding=\"async\" src=\"https:\/\/i0.wp.com\/www.cemf.fr\/lpem\/wp-content\/uploads\/2018\/11\/W18CD1126CEMF_0378.jpg?resize=1024%2C683&#038;ssl=1\" height=\"683\" width=\"1024\" alt=\"\" class=\"slider-546 slide-593 msDefaultImage\" title=\"CEMF. Prix de l&#039;Enseignement Musical 2018. photo Caroline Doutre\" \/><div class=\"caption-wrap\"><div class=\"caption\">Pierre Lemoine, Pr\u00e9sident de la CEMF, discours d'ouverture.\nPrix de l'Enseignement Musical 2018. photo Caroline Doutre<\/div><\/div><\/li>\n                <li style=\"display: none; width: 100%;\" class=\"slide-594 ms-image \" aria-roledescription=\"slide\" data-date=\"2018-11-29 15:56:24\" data-filename=\"W18CD1126CEMF_0384.jpg\" data-slide-type=\"image\"><img data-recalc-dims=\"1\" loading=\"lazy\" decoding=\"async\" src=\"https:\/\/i0.wp.com\/www.cemf.fr\/lpem\/wp-content\/uploads\/2018\/11\/W18CD1126CEMF_0384.jpg?resize=1024%2C683&#038;ssl=1\" height=\"683\" width=\"1024\" alt=\"\" class=\"slider-546 slide-594 msDefaultImage\" title=\"CEMF. Prix de l&#039;Enseignement Musical 2018. photo Caroline Doutre\" \/><\/li>\n                <li style=\"display: none; width: 100%;\" class=\"slide-595 ms-image \" aria-roledescription=\"slide\" data-date=\"2018-11-29 15:56:24\" data-filename=\"W18CD1126CEMF_0393.jpg\" data-slide-type=\"image\"><img data-recalc-dims=\"1\" loading=\"lazy\" decoding=\"async\" src=\"https:\/\/i0.wp.com\/www.cemf.fr\/lpem\/wp-content\/uploads\/2018\/11\/W18CD1126CEMF_0393.jpg?resize=1024%2C683&#038;ssl=1\" height=\"683\" width=\"1024\" alt=\"\" class=\"slider-546 slide-595 msDefaultImage\" title=\"CEMF. Prix de l&#039;Enseignement Musical 2018. photo Caroline Doutre\" \/><div class=\"caption-wrap\"><div class=\"caption\">Pierre Lemoine, Pr\u00e9sident de la CEMF, discours d'ouverture.\nPrix de l'Enseignement Musical 2018. photo Caroline Doutre<\/div><\/div><\/li>\n                <li style=\"display: none; width: 100%;\" class=\"slide-596 ms-image \" aria-roledescription=\"slide\" data-date=\"2018-11-29 15:56:25\" data-filename=\"W18CD1126CEMF_0396.jpg\" data-slide-type=\"image\"><img data-recalc-dims=\"1\" loading=\"lazy\" decoding=\"async\" src=\"https:\/\/i0.wp.com\/www.cemf.fr\/lpem\/wp-content\/uploads\/2018\/11\/W18CD1126CEMF_0396.jpg?resize=1024%2C683&#038;ssl=1\" height=\"683\" width=\"1024\" alt=\"\" class=\"slider-546 slide-596 msDefaultImage\" title=\"CEMF. Prix de l&#039;Enseignement Musical 2018. photo Caroline Doutre\" \/><div class=\"caption-wrap\"><div class=\"caption\">Claude Duvivier, Editions Leduc.\nPrix de l'Enseignement Musical 2018. photo Caroline Doutre<\/div><\/div><\/li>\n                <li style=\"display: none; width: 100%;\" class=\"slide-597 ms-image \" aria-roledescription=\"slide\" data-date=\"2018-11-29 15:56:25\" data-filename=\"W18CD1126CEMF_0398.jpg\" data-slide-type=\"image\"><img data-recalc-dims=\"1\" loading=\"lazy\" decoding=\"async\" src=\"https:\/\/i0.wp.com\/www.cemf.fr\/lpem\/wp-content\/uploads\/2018\/11\/W18CD1126CEMF_0398.jpg?resize=1024%2C683&#038;ssl=1\" height=\"683\" width=\"1024\" alt=\"\" class=\"slider-546 slide-597 msDefaultImage\" title=\"CEMF. Prix de l&#039;Enseignement Musical 2018. photo Caroline Doutre\" \/><div class=\"caption-wrap\"><div class=\"caption\">Fran\u00e7ois Derveaux, Editions Billaudot.\nPrix de l'Enseignement Musical 2018. photo Caroline Doutre<\/div><\/div><\/li>\n                <li style=\"display: none; width: 100%;\" class=\"slide-598 ms-image \" aria-roledescription=\"slide\" data-date=\"2018-11-29 15:56:25\" data-filename=\"W18CD1126CEMF_0400.jpg\" data-slide-type=\"image\"><img data-recalc-dims=\"1\" loading=\"lazy\" decoding=\"async\" src=\"https:\/\/i0.wp.com\/www.cemf.fr\/lpem\/wp-content\/uploads\/2018\/11\/W18CD1126CEMF_0400.jpg?resize=1024%2C683&#038;ssl=1\" height=\"683\" width=\"1024\" alt=\"\" class=\"slider-546 slide-598 msDefaultImage\" title=\"CEMF. Prix de l&#039;Enseignement Musical 2018. photo Caroline Doutre\" \/><div class=\"caption-wrap\"><div class=\"caption\">Fran\u00e7ois Dhalmann. Editions Dhalmann.\nPrix de l'Enseignement Musical 2018. photo Caroline Doutre<\/div><\/div><\/li>\n                <li style=\"display: none; width: 100%;\" class=\"slide-599 ms-image \" aria-roledescription=\"slide\" data-date=\"2018-11-29 15:56:25\" data-filename=\"W18CD1126CEMF_0404.jpg\" data-slide-type=\"image\"><img data-recalc-dims=\"1\" loading=\"lazy\" decoding=\"async\" src=\"https:\/\/i0.wp.com\/www.cemf.fr\/lpem\/wp-content\/uploads\/2018\/11\/W18CD1126CEMF_0404.jpg?resize=1024%2C683&#038;ssl=1\" height=\"683\" width=\"1024\" alt=\"\" class=\"slider-546 slide-599 msDefaultImage\" title=\"CEMF. Prix de l&#039;Enseignement Musical 2018. photo Caroline Doutre\" \/><div class=\"caption-wrap\"><div class=\"caption\">Christophe Felix, Editions Robert Martin.\nPrix de l'Enseignement Musical 2018. photo Caroline Doutre<\/div><\/div><\/li>\n                <li style=\"display: none; width: 100%;\" class=\"slide-600 ms-image \" aria-roledescription=\"slide\" data-date=\"2018-11-29 15:56:25\" data-filename=\"W18CD1126CEMF_0406.jpg\" data-slide-type=\"image\"><img data-recalc-dims=\"1\" loading=\"lazy\" decoding=\"async\" src=\"https:\/\/i0.wp.com\/www.cemf.fr\/lpem\/wp-content\/uploads\/2018\/11\/W18CD1126CEMF_0406.jpg?resize=1024%2C683&#038;ssl=1\" height=\"683\" width=\"1024\" alt=\"\" class=\"slider-546 slide-600 msDefaultImage\" title=\"CEMF. Prix de l&#039;Enseignement Musical 2018. photo Caroline Doutre\" \/><div class=\"caption-wrap\"><div class=\"caption\">Jean-Michel Issartel, Editions Hit Diffusion.\nPrix de l'Enseignement Musical 2018. photo Caroline Doutre<\/div><\/div><\/li>\n                <li style=\"display: none; width: 100%;\" class=\"slide-601 ms-image \" aria-roledescription=\"slide\" data-date=\"2018-11-29 15:56:26\" data-filename=\"W18CD1126CEMF_0408.jpg\" data-slide-type=\"image\"><img data-recalc-dims=\"1\" loading=\"lazy\" decoding=\"async\" src=\"https:\/\/i0.wp.com\/www.cemf.fr\/lpem\/wp-content\/uploads\/2018\/11\/W18CD1126CEMF_0408.jpg?resize=1024%2C683&#038;ssl=1\" height=\"683\" width=\"1024\" alt=\"\" class=\"slider-546 slide-601 msDefaultImage\" title=\"CEMF. Prix de l&#039;Enseignement Musical 2018. photo Caroline Doutre\" \/><div class=\"caption-wrap\"><div class=\"caption\">Fr\u00e9d\u00e9ric Spannagel, Editions Hal Leonard Europe.\nPrix de l'Enseignement Musical 2018. photo Caroline Doutre<\/div><\/div><\/li>\n                <li style=\"display: none; width: 100%;\" class=\"slide-602 ms-image \" aria-roledescription=\"slide\" data-date=\"2018-11-29 15:56:26\" data-filename=\"W18CD1126CEMF_0409.jpg\" data-slide-type=\"image\"><img data-recalc-dims=\"1\" loading=\"lazy\" decoding=\"async\" src=\"https:\/\/i0.wp.com\/www.cemf.fr\/lpem\/wp-content\/uploads\/2018\/11\/W18CD1126CEMF_0409.jpg?resize=1024%2C683&#038;ssl=1\" height=\"683\" width=\"1024\" alt=\"\" class=\"slider-546 slide-602 msDefaultImage\" title=\"CEMF. Prix de l&#039;Enseignement Musical 2018. photo Caroline Doutre\" \/><div class=\"caption-wrap\"><div class=\"caption\">Thierry Fouquet, Editions Mario Bois.\nPrix de l'Enseignement Musical 2018. photo Caroline Doutre<\/div><\/div><\/li>\n                <li style=\"display: none; width: 100%;\" class=\"slide-603 ms-image \" aria-roledescription=\"slide\" data-date=\"2018-11-29 15:56:26\" data-filename=\"W18CD1126CEMF_0428.jpg\" data-slide-type=\"image\"><img data-recalc-dims=\"1\" loading=\"lazy\" decoding=\"async\" src=\"https:\/\/i0.wp.com\/www.cemf.fr\/lpem\/wp-content\/uploads\/2018\/11\/W18CD1126CEMF_0428.jpg?resize=1024%2C683&#038;ssl=1\" height=\"683\" width=\"1024\" alt=\"\" class=\"slider-546 slide-603 msDefaultImage\" title=\"CEMF. Prix de l&#039;Enseignement Musical 2018. photo Caroline Doutre\" \/><div class=\"caption-wrap\"><div class=\"caption\">Dominique Boutel et Beno\u00eet Duteurtre, ma\u00eetres de c\u00e9r\u00e9monie.\nPrix de l'Enseignement Musical 2018. photo Caroline Doutre<\/div><\/div><\/li>\n                <li style=\"display: none; width: 100%;\" class=\"slide-604 ms-image \" aria-roledescription=\"slide\" data-date=\"2018-11-29 15:56:26\" data-filename=\"W18CD1126CEMF_0466.jpg\" data-slide-type=\"image\"><img data-recalc-dims=\"1\" loading=\"lazy\" decoding=\"async\" src=\"https:\/\/i0.wp.com\/www.cemf.fr\/lpem\/wp-content\/uploads\/2018\/11\/W18CD1126CEMF_0466.jpg?resize=1024%2C683&#038;ssl=1\" height=\"683\" width=\"1024\" alt=\"\" class=\"slider-546 slide-604 msDefaultImage\" title=\"CEMF. Prix de l&#039;Enseignement Musical 2018. photo Caroline Doutre\" \/><div class=\"caption-wrap\"><div class=\"caption\">Estelle Huet, Prix de la r\u00e9alisation d'une m\u00e9thode instrumentale ou vocale.\nPrix de l'Enseignement Musical 2018. photo Caroline Doutre<\/div><\/div><\/li>\n                <li style=\"display: none; width: 100%;\" class=\"slide-605 ms-image \" aria-roledescription=\"slide\" data-date=\"2018-11-29 15:56:26\" data-filename=\"W18CD1126CEMF_0509.jpg\" data-slide-type=\"image\"><img data-recalc-dims=\"1\" loading=\"lazy\" decoding=\"async\" src=\"https:\/\/i0.wp.com\/www.cemf.fr\/lpem\/wp-content\/uploads\/2018\/11\/W18CD1126CEMF_0509.jpg?resize=1024%2C683&#038;ssl=1\" height=\"683\" width=\"1024\" alt=\"\" class=\"slider-546 slide-605 msDefaultImage\" title=\"CEMF. Prix de l&#039;Enseignement Musical 2018. photo Caroline Doutre\" \/><div class=\"caption-wrap\"><div class=\"caption\">Xavier Delette, Jury.\nPrix de l'Enseignement Musical 2018. photo Caroline Doutre<\/div><\/div><\/li>\n                <li style=\"display: none; width: 100%;\" class=\"slide-606 ms-image \" aria-roledescription=\"slide\" data-date=\"2018-11-29 15:56:26\" data-filename=\"W18CD1126CEMF_0518.jpg\" data-slide-type=\"image\"><img data-recalc-dims=\"1\" loading=\"lazy\" decoding=\"async\" src=\"https:\/\/i0.wp.com\/www.cemf.fr\/lpem\/wp-content\/uploads\/2018\/11\/W18CD1126CEMF_0518.jpg?resize=1024%2C683&#038;ssl=1\" height=\"683\" width=\"1024\" alt=\"\" class=\"slider-546 slide-606 msDefaultImage\" title=\"CEMF. Prix de l&#039;Enseignement Musical 2018. photo Caroline Doutre\" \/><div class=\"caption-wrap\"><div class=\"caption\">Noemie Van Aerschodt, Prix de la cr\u00e9ation d'une nouvelle oeuvre \u00e0 dominante musicale pour de jeunes interpr\u00e8tes.\nPrix de l'Enseignement Musical 2018. photo Caroline Doutre<\/div><\/div><\/li>\n                <li style=\"display: none; width: 100%;\" class=\"slide-607 ms-image \" aria-roledescription=\"slide\" data-date=\"2018-11-29 15:56:27\" data-filename=\"W18CD1126CEMF_0525.jpg\" data-slide-type=\"image\"><img data-recalc-dims=\"1\" loading=\"lazy\" decoding=\"async\" src=\"https:\/\/i0.wp.com\/www.cemf.fr\/lpem\/wp-content\/uploads\/2018\/11\/W18CD1126CEMF_0525.jpg?resize=1024%2C683&#038;ssl=1\" height=\"683\" width=\"1024\" alt=\"\" class=\"slider-546 slide-607 msDefaultImage\" title=\"CEMF. Prix de l&#039;Enseignement Musical 2018. photo Caroline Doutre\" \/><div class=\"caption-wrap\"><div class=\"caption\">Philippe Boivin, Prix de la cr\u00e9ation d'une nouvelle oeuvre \u00e0 dominante musicale pour de jeunes interpr\u00e8tes.\nPrix de l'Enseignement Musical 2018. photo Caroline Doutre<\/div><\/div><\/li>\n                <li style=\"display: none; width: 100%;\" class=\"slide-608 ms-image \" aria-roledescription=\"slide\" data-date=\"2018-11-29 15:56:27\" data-filename=\"W18CD1126CEMF_0578.jpg\" data-slide-type=\"image\"><img data-recalc-dims=\"1\" loading=\"lazy\" decoding=\"async\" src=\"https:\/\/i0.wp.com\/www.cemf.fr\/lpem\/wp-content\/uploads\/2018\/11\/W18CD1126CEMF_0578.jpg?resize=1024%2C683&#038;ssl=1\" height=\"683\" width=\"1024\" alt=\"\" class=\"slider-546 slide-608 msDefaultImage\" title=\"CEMF. Prix de l&#039;Enseignement Musical 2018. photo Caroline Doutre\" \/><\/li>\n                <li style=\"display: none; width: 100%;\" class=\"slide-609 ms-image \" aria-roledescription=\"slide\" data-date=\"2018-11-29 15:56:27\" data-filename=\"W18CD1126CEMF_0582.jpg\" data-slide-type=\"image\"><img data-recalc-dims=\"1\" loading=\"lazy\" decoding=\"async\" src=\"https:\/\/i0.wp.com\/www.cemf.fr\/lpem\/wp-content\/uploads\/2018\/11\/W18CD1126CEMF_0582.jpg?resize=1024%2C683&#038;ssl=1\" height=\"683\" width=\"1024\" alt=\"\" class=\"slider-546 slide-609 msDefaultImage\" title=\"CEMF. Prix de l&#039;Enseignement Musical 2018. photo Caroline Doutre\" \/><div class=\"caption-wrap\"><div class=\"caption\">Hannelore Guittet\/Nomad Play, Prix de l'innovation technologique pour l'enseignement de la musique.\nPrix de l'Enseignement Musical 2018. photo Caroline Doutre<\/div><\/div><\/li>\n                <li style=\"display: none; width: 100%;\" class=\"slide-610 ms-image \" aria-roledescription=\"slide\" data-date=\"2018-11-29 15:56:27\" data-filename=\"W18CD1126CEMF_0627.jpg\" data-slide-type=\"image\"><img data-recalc-dims=\"1\" loading=\"lazy\" decoding=\"async\" src=\"https:\/\/i0.wp.com\/www.cemf.fr\/lpem\/wp-content\/uploads\/2018\/11\/W18CD1126CEMF_0627.jpg?resize=1024%2C683&#038;ssl=1\" height=\"683\" width=\"1024\" alt=\"\" class=\"slider-546 slide-610 msDefaultImage\" title=\"CEMF. Prix de l&#039;Enseignement Musical 2018. photo Caroline Doutre\" \/><\/li>\n                <li style=\"display: none; width: 100%;\" class=\"slide-611 ms-image \" aria-roledescription=\"slide\" data-date=\"2018-11-29 15:56:27\" data-filename=\"W18CD1126CEMF_0646.jpg\" data-slide-type=\"image\"><img data-recalc-dims=\"1\" loading=\"lazy\" decoding=\"async\" src=\"https:\/\/i0.wp.com\/www.cemf.fr\/lpem\/wp-content\/uploads\/2018\/11\/W18CD1126CEMF_0646.jpg?resize=1024%2C683&#038;ssl=1\" height=\"683\" width=\"1024\" alt=\"\" class=\"slider-546 slide-611 msDefaultImage\" title=\"CEMF. Prix de l&#039;Enseignement Musical 2018. photo Caroline Doutre\" \/><div class=\"caption-wrap\"><div class=\"caption\">Pamela Franca Cabrillat, La Machine \u00e0 Musique  Bordeaux, Prix du magasin de musique pour son implication dans l'enseignement. \nPrix de l'Enseignement Musical 2018. photo Caroline Doutre<\/div><\/div><\/li>\n                <li style=\"display: none; width: 100%;\" class=\"slide-612 ms-image \" aria-roledescription=\"slide\" data-date=\"2018-11-29 15:56:28\" data-filename=\"W18CD1126CEMF_0667.jpg\" data-slide-type=\"image\"><img data-recalc-dims=\"1\" loading=\"lazy\" decoding=\"async\" src=\"https:\/\/i0.wp.com\/www.cemf.fr\/lpem\/wp-content\/uploads\/2018\/11\/W18CD1126CEMF_0667.jpg?resize=1024%2C683&#038;ssl=1\" height=\"683\" width=\"1024\" alt=\"\" class=\"slider-546 slide-612 msDefaultImage\" title=\"CEMF. Prix de l&#039;Enseignement Musical 2018. photo Caroline Doutre\" \/><\/li>\n                <li style=\"display: none; width: 100%;\" class=\"slide-613 ms-image \" aria-roledescription=\"slide\" data-date=\"2018-11-29 15:56:28\" data-filename=\"W18CD1126CEMF_0672.jpg\" data-slide-type=\"image\"><img data-recalc-dims=\"1\" loading=\"lazy\" decoding=\"async\" src=\"https:\/\/i0.wp.com\/www.cemf.fr\/lpem\/wp-content\/uploads\/2018\/11\/W18CD1126CEMF_0672.jpg?resize=1024%2C683&#038;ssl=1\" height=\"683\" width=\"1024\" alt=\"\" class=\"slider-546 slide-613 msDefaultImage\" title=\"CEMF. Prix de l&#039;Enseignement Musical 2018. photo Caroline Doutre\" \/><div class=\"caption-wrap\"><div class=\"caption\">H\u00e9l\u00e8ne Bouchez, jury.\nPrix de l'Enseignement Musical 2018. photo Caroline Doutre<\/div><\/div><\/li>\n                <li style=\"display: none; width: 100%;\" class=\"slide-614 ms-image \" aria-roledescription=\"slide\" data-date=\"2018-11-29 15:56:28\" data-filename=\"W18CD1126CEMF_0688.jpg\" data-slide-type=\"image\"><img data-recalc-dims=\"1\" loading=\"lazy\" decoding=\"async\" src=\"https:\/\/i0.wp.com\/www.cemf.fr\/lpem\/wp-content\/uploads\/2018\/11\/W18CD1126CEMF_0688.jpg?resize=1024%2C683&#038;ssl=1\" height=\"683\" width=\"1024\" alt=\"\" class=\"slider-546 slide-614 msDefaultImage\" title=\"CEMF. Prix de l&#039;Enseignement Musical 2018. photo Caroline Doutre\" \/><div class=\"caption-wrap\"><div class=\"caption\">Ga\u00eblle Belot, Prix de la r\u00e9alisation d'une partition de musique instrumentale et\/ou vocale.\nPrix de l'Enseignement Musical 2018. photo Caroline Doutre<\/div><\/div><\/li>\n                <li style=\"display: none; width: 100%;\" class=\"slide-615 ms-image \" aria-roledescription=\"slide\" data-date=\"2018-11-29 15:56:28\" data-filename=\"W18CD1126CEMF_0726.jpg\" data-slide-type=\"image\"><img data-recalc-dims=\"1\" loading=\"lazy\" decoding=\"async\" src=\"https:\/\/i0.wp.com\/www.cemf.fr\/lpem\/wp-content\/uploads\/2018\/11\/W18CD1126CEMF_0726.jpg?resize=1024%2C683&#038;ssl=1\" height=\"683\" width=\"1024\" alt=\"\" class=\"slider-546 slide-615 msDefaultImage\" title=\"CEMF. Prix de l&#039;Enseignement Musical 2018. photo Caroline Doutre\" \/><\/li>\n                <li style=\"display: none; width: 100%;\" class=\"slide-616 ms-image \" aria-roledescription=\"slide\" data-date=\"2018-11-29 15:56:28\" data-filename=\"W18CD1126CEMF_0735.jpg\" data-slide-type=\"image\"><img data-recalc-dims=\"1\" loading=\"lazy\" decoding=\"async\" src=\"https:\/\/i0.wp.com\/www.cemf.fr\/lpem\/wp-content\/uploads\/2018\/11\/W18CD1126CEMF_0735.jpg?resize=1024%2C683&#038;ssl=1\" height=\"683\" width=\"1024\" alt=\"\" class=\"slider-546 slide-616 msDefaultImage\" title=\"CEMF. Prix de l&#039;Enseignement Musical 2018. photo Caroline Doutre\" \/><div class=\"caption-wrap\"><div class=\"caption\">Matthias Champon, Prix du spectacle mettant en sc\u00e8ne de jeunes interpr\u00e8tes.\nPrix de l'Enseignement Musical 2018. photo Caroline Doutre<\/div><\/div><\/li>\n                <li style=\"display: none; width: 100%;\" class=\"slide-617 ms-image \" aria-roledescription=\"slide\" data-date=\"2018-11-29 15:56:29\" data-filename=\"W18CD1126CEMF_0757.jpg\" data-slide-type=\"image\"><img data-recalc-dims=\"1\" loading=\"lazy\" decoding=\"async\" src=\"https:\/\/i0.wp.com\/www.cemf.fr\/lpem\/wp-content\/uploads\/2018\/11\/W18CD1126CEMF_0757.jpg?resize=1024%2C683&#038;ssl=1\" height=\"683\" width=\"1024\" alt=\"\" class=\"slider-546 slide-617 msDefaultImage\" title=\"CEMF. Prix de l&#039;Enseignement Musical 2018. photo Caroline Doutre\" \/><div class=\"caption-wrap\"><div class=\"caption\">H\u00e9l\u00e8ne Charbonneau, Centre de Musique Baroque de Versailles, Prix du spectacle mettant en sc\u00e8ne de jeunes interpr\u00e8tes.\nPrix de l'Enseignement Musical 2018. photo Caroline Doutre<\/div><\/div><\/li>\n                <li style=\"display: none; width: 100%;\" class=\"slide-618 ms-image \" aria-roledescription=\"slide\" data-date=\"2018-11-29 15:56:29\" data-filename=\"W18CD1126CEMF_0803.jpg\" data-slide-type=\"image\"><img data-recalc-dims=\"1\" loading=\"lazy\" decoding=\"async\" src=\"https:\/\/i0.wp.com\/www.cemf.fr\/lpem\/wp-content\/uploads\/2018\/11\/W18CD1126CEMF_0803.jpg?resize=1024%2C683&#038;ssl=1\" height=\"683\" width=\"1024\" alt=\"\" class=\"slider-546 slide-618 msDefaultImage\" title=\"CEMF. Prix de l&#039;Enseignement Musical 2018. photo Caroline Doutre\" \/><div class=\"caption-wrap\"><div class=\"caption\">Didier Grojsman, Le Cr\u00e9a, Prix sp\u00e9cial de Chambre syndicale des Editeurs de Musique de France.\nPrix de l'Enseignement Musical 2018. photo Caroline Doutre<\/div><\/div><\/li>\n                <li style=\"display: none; width: 100%;\" class=\"slide-619 ms-image \" aria-roledescription=\"slide\" data-date=\"2018-11-29 15:56:29\" data-filename=\"W18CD1126CEMF_0824.jpg\" data-slide-type=\"image\"><img data-recalc-dims=\"1\" loading=\"lazy\" decoding=\"async\" src=\"https:\/\/i0.wp.com\/www.cemf.fr\/lpem\/wp-content\/uploads\/2018\/11\/W18CD1126CEMF_0824.jpg?resize=1024%2C683&#038;ssl=1\" height=\"683\" width=\"1024\" alt=\"\" class=\"slider-546 slide-619 msDefaultImage\" title=\"CEMF. Prix de l&#039;Enseignement Musical 2018. photo Caroline Doutre\" \/><div class=\"caption-wrap\"><div class=\"caption\">Saxback Ensemble. Prix de l'Enseignement Musical 2018. photo Caroline Doutre<\/div><\/div><\/li>\n                <li style=\"display: none; width: 100%;\" class=\"slide-620 ms-image \" aria-roledescription=\"slide\" data-date=\"2018-11-29 15:56:29\" data-filename=\"W18CD1126CEMF_0852.jpg\" data-slide-type=\"image\"><img data-recalc-dims=\"1\" loading=\"lazy\" decoding=\"async\" src=\"https:\/\/i0.wp.com\/www.cemf.fr\/lpem\/wp-content\/uploads\/2018\/11\/W18CD1126CEMF_0852.jpg?resize=1024%2C683&#038;ssl=1\" height=\"683\" width=\"1024\" alt=\"\" class=\"slider-546 slide-620 msDefaultImage\" title=\"CEMF. Prix de l&#039;Enseignement Musical 2018. photo Caroline Doutre\" \/><div class=\"caption-wrap\"><div class=\"caption\">Saxback Ensemble. Prix de l'Enseignement Musical 2018. photo Caroline Doutre<\/div><\/div><\/li>\n                <li style=\"display: none; width: 100%;\" class=\"slide-623 ms-image \" aria-roledescription=\"slide\" data-date=\"2018-11-29 15:56:30\" data-filename=\"W18CD1126CEMF_0921.jpg\" data-slide-type=\"image\"><img data-recalc-dims=\"1\" loading=\"lazy\" decoding=\"async\" src=\"https:\/\/i0.wp.com\/www.cemf.fr\/lpem\/wp-content\/uploads\/2018\/11\/W18CD1126CEMF_0921.jpg?resize=1024%2C683&#038;ssl=1\" height=\"683\" width=\"1024\" alt=\"\" class=\"slider-546 slide-623 msDefaultImage\" title=\"CEMF. Prix de l&#039;Enseignement Musical 2018. photo Caroline Doutre\" \/><\/li>\n                <li style=\"display: none; width: 100%;\" class=\"slide-624 ms-image \" aria-roledescription=\"slide\" data-date=\"2018-11-29 15:56:30\" data-filename=\"W18CD1126CEMF_0998.jpg\" data-slide-type=\"image\"><img data-recalc-dims=\"1\" loading=\"lazy\" decoding=\"async\" src=\"https:\/\/i0.wp.com\/www.cemf.fr\/lpem\/wp-content\/uploads\/2018\/11\/W18CD1126CEMF_0998.jpg?resize=1024%2C683&#038;ssl=1\" height=\"683\" width=\"1024\" alt=\"\" class=\"slider-546 slide-624 msDefaultImage\" title=\"CEMF. Prix de l&#039;Enseignement Musical 2018. photo Caroline Doutre\" \/><\/li>\n                <li style=\"display: none; width: 100%;\" class=\"slide-621 ms-image \" aria-roledescription=\"slide\" data-date=\"2018-11-29 15:56:29\" data-filename=\"W18CD1126CEMF_0871.jpg\" data-slide-type=\"image\"><img data-recalc-dims=\"1\" loading=\"lazy\" decoding=\"async\" src=\"https:\/\/i0.wp.com\/www.cemf.fr\/lpem\/wp-content\/uploads\/2018\/11\/W18CD1126CEMF_0871.jpg?resize=1024%2C683&#038;ssl=1\" height=\"683\" width=\"1024\" alt=\"\" class=\"slider-546 slide-621 msDefaultImage\" title=\"CEMF. Prix de l&#039;Enseignement Musical 2018. photo Caroline Doutre\" \/><div class=\"caption-wrap\"><div class=\"caption\">Les Laur\u00e9ats. Prix de l'Enseignement Musical 2018. photo Caroline Doutre<\/div><\/div><\/li>\n                <li style=\"display: none; width: 100%;\" class=\"slide-622 ms-image \" aria-roledescription=\"slide\" data-date=\"2018-11-29 15:56:30\" data-filename=\"W18CD1126CEMF_0890.jpg\" data-slide-type=\"image\"><img data-recalc-dims=\"1\" loading=\"lazy\" decoding=\"async\" src=\"https:\/\/i0.wp.com\/www.cemf.fr\/lpem\/wp-content\/uploads\/2018\/11\/W18CD1126CEMF_0890.jpg?resize=1024%2C683&#038;ssl=1\" height=\"683\" width=\"1024\" alt=\"\" class=\"slider-546 slide-622 msDefaultImage\" title=\"CEMF. Prix de l&#039;Enseignement Musical 2018. photo Caroline Doutre\" \/><div class=\"caption-wrap\"><div class=\"caption\">Les Laur\u00e9ats, le jury et les \u00e9diteurs de la CEMF. Prix de l'Enseignement Musical 2018. photo Caroline Doutre<\/div><\/div><\/li>\n            <\/ul>\n        <\/div>\n        \n    <\/div>\n<\/div>\n<h2><\/h2>\n<h1>Les Laur\u00e9ats<\/h1>\n<h2><strong>Prix de la cr\u00e9ation d\u2019une nouvelle \u0153uvre \u00e0 dominante musicale pour de jeunes interpr\u00e8tes<\/strong><\/h2>\n<p>&nbsp;<\/p>\n<p><a href=\"https:\/\/i0.wp.com\/www.cemf.fr\/lpem\/wp-content\/uploads\/2018\/11\/Philippe_Boivin_Noemi_van_Aerschodt_Prix-_de_la_creation.jpg?ssl=1\"><img data-recalc-dims=\"1\" loading=\"lazy\" decoding=\"async\" data-attachment-id=\"530\" data-permalink=\"https:\/\/www.cemf.fr\/lpem\/les-prix-de-lenseignement-musical-2018-le-palmares\/cemf-prix-de-lenseignement-musical-2018-photo-caroline-doutre-2\/\" data-orig-file=\"https:\/\/i0.wp.com\/www.cemf.fr\/lpem\/wp-content\/uploads\/2018\/11\/Philippe_Boivin_Noemi_van_Aerschodt_Prix-_de_la_creation.jpg?fit=1024%2C683&amp;ssl=1\" data-orig-size=\"1024,683\" data-comments-opened=\"1\" data-image-meta=\"{&quot;aperture&quot;:&quot;0&quot;,&quot;credit&quot;:&quot;&quot;,&quot;camera&quot;:&quot;&quot;,&quot;caption&quot;:&quot;&quot;,&quot;created_timestamp&quot;:&quot;0&quot;,&quot;copyright&quot;:&quot;&quot;,&quot;focal_length&quot;:&quot;0&quot;,&quot;iso&quot;:&quot;0&quot;,&quot;shutter_speed&quot;:&quot;0&quot;,&quot;title&quot;:&quot;CEMF. Prix de l&#039;Enseignement Musical 2018. photo Caroline Doutre&quot;,&quot;orientation&quot;:&quot;1&quot;}\" data-image-title=\"CEMF. Prix de l&amp;rsquo;Enseignement Musical 2018. photo Caroline Doutre\" data-image-description=\"\" data-image-caption=\"\" data-medium-file=\"https:\/\/i0.wp.com\/www.cemf.fr\/lpem\/wp-content\/uploads\/2018\/11\/Philippe_Boivin_Noemi_van_Aerschodt_Prix-_de_la_creation.jpg?fit=300%2C200&amp;ssl=1\" data-large-file=\"https:\/\/i0.wp.com\/www.cemf.fr\/lpem\/wp-content\/uploads\/2018\/11\/Philippe_Boivin_Noemi_van_Aerschodt_Prix-_de_la_creation.jpg?fit=1024%2C683&amp;ssl=1\" class=\"alignleft wp-image-530 size-medium\" src=\"https:\/\/i0.wp.com\/www.cemf.fr\/lpem\/wp-content\/uploads\/2018\/11\/Philippe_Boivin_Noemi_van_Aerschodt_Prix-_de_la_creation.jpg?resize=300%2C200&#038;ssl=1\" alt=\"Photo Caroline Doutre\" width=\"300\" height=\"200\" srcset=\"https:\/\/i0.wp.com\/www.cemf.fr\/lpem\/wp-content\/uploads\/2018\/11\/Philippe_Boivin_Noemi_van_Aerschodt_Prix-_de_la_creation.jpg?resize=300%2C200&amp;ssl=1 300w, https:\/\/i0.wp.com\/www.cemf.fr\/lpem\/wp-content\/uploads\/2018\/11\/Philippe_Boivin_Noemi_van_Aerschodt_Prix-_de_la_creation.jpg?resize=768%2C512&amp;ssl=1 768w, https:\/\/i0.wp.com\/www.cemf.fr\/lpem\/wp-content\/uploads\/2018\/11\/Philippe_Boivin_Noemi_van_Aerschodt_Prix-_de_la_creation.jpg?w=1024&amp;ssl=1 1024w\" sizes=\"auto, (max-width: 300px) 100vw, 300px\" \/><\/a><\/p>\n<p>&nbsp;<\/p>\n<p>&nbsp;<\/p>\n<h3><\/h3>\n<h3><\/h3>\n<h3><\/h3>\n<h3><\/h3>\n<h3><strong>M\u00e9t\u00e9oriques<br \/>\n<\/strong><em>Philippe Boivin \/ Ensemble C Barr\u00e9 (Marseille)<\/em><\/h3>\n<p>Oratorio en trois actes sur un livret de Catherine Peillon, pour ch\u0153urs d\u2019enfants, orchestre au coll\u00e8ge, musiciens solistes, orchestre symphonique et marionnettes. Cr\u00e9ation le 10 juin 2018 au Th\u00e9\u00e2tre NoNo de Marseille dans une mise en sc\u00e8ne d\u2019Aur\u00e9lie Hubeau.<\/p>\n<p>Cette cr\u00e9ation en milieu scolaire a mobilis\u00e9 pr\u00e8s de 300 participants durant 18 mois, en \u00e9troit partenariat avec plusieurs structures d\u2019enseignement et de diffusion implant\u00e9es dans le d\u00e9partement des Bouches-du-Rh\u00f4ne.<\/p>\n<div style=\"width: 640px;\" class=\"wp-video\"><video class=\"wp-video-shortcode\" id=\"video-528-1\" width=\"640\" height=\"360\" preload=\"metadata\" controls=\"controls\"><source type=\"video\/mp4\" src=\"https:\/\/www.human-music.eu\/media\/cbar108_1.mp4?_=1\" \/><a href=\"https:\/\/www.human-music.eu\/media\/cbar108_1.mp4\">https:\/\/www.human-music.eu\/media\/cbar108_1.mp4<\/a><\/video><\/div>\n<p>&nbsp;<\/p>\n<h3><strong>Cin\u00e9-Concer<\/strong>t<br \/>\n<em>No\u00e9mie <\/em><em>Van Aerschodt \/ F\u00e9d\u00e9ration des Soci\u00e9t\u00e9s Musicales du Gers (Auch)<\/em><\/h3>\n<p>L&rsquo;Orchestre des Jeunes du Gers avide de projets innovants, a produit une cr\u00e9ation en avril 2017 au D\u00f4me de Gascogne \u00e0 Auch sur un film muet noir et blanc \u00ab\u00a0Never Weaken\u00a0\u00bb avec l&rsquo;acteur comique am\u00e9ricain Harold Lloyd. Une musique qui rend compte des \u00e9motions et ambiance tout au long du film et qui doit \u00eatre au millim\u00e8tre afin de tomber au bon moment avec des actions pr\u00e9cises. Plus qu&rsquo;une musique en rapport avec le th\u00e8me, c&rsquo;est vraiment une cr\u00e9ation qui colle aux images et qui a \u00e9t\u00e9 compos\u00e9e en fonction du niveau des musiciens de la session orchestrale.<\/p>\n<p>L&rsquo;Orchestre des Jeunes du Gers est un ensemble d&rsquo;une quarantaine de musiciens \u00e0 vents et percussions de 14 \u00e0 24 ans issus des \u00e9coles de musique de tout le d\u00e9partement.<\/p>\n<p><iframe loading=\"lazy\" src=\"https:\/\/www.youtube.com\/embed\/wb_ojaZMvsA\" width=\"560\" height=\"315\" frameborder=\"0\" allowfullscreen=\"allowfullscreen\" data-mce-fragment=\"1\"><\/iframe><\/p>\n<h2><strong>Prix de la r\u00e9alisation d\u2019une m\u00e9thode instrumentale ou de formation musicale<\/strong><\/h2>\n<h3><a href=\"https:\/\/i0.wp.com\/www.cemf.fr\/lpem\/wp-content\/uploads\/2018\/11\/Estelle_Huet_Prix_de-_la-_methode.jpg?ssl=1\"><img data-recalc-dims=\"1\" loading=\"lazy\" decoding=\"async\" data-attachment-id=\"531\" data-permalink=\"https:\/\/www.cemf.fr\/lpem\/les-prix-de-lenseignement-musical-2018-le-palmares\/cemf-prix-de-lenseignement-musical-2018-photo-caroline-doutre-3\/\" data-orig-file=\"https:\/\/i0.wp.com\/www.cemf.fr\/lpem\/wp-content\/uploads\/2018\/11\/Estelle_Huet_Prix_de-_la-_methode.jpg?fit=1024%2C683&amp;ssl=1\" data-orig-size=\"1024,683\" data-comments-opened=\"1\" data-image-meta=\"{&quot;aperture&quot;:&quot;0&quot;,&quot;credit&quot;:&quot;&quot;,&quot;camera&quot;:&quot;&quot;,&quot;caption&quot;:&quot;&quot;,&quot;created_timestamp&quot;:&quot;0&quot;,&quot;copyright&quot;:&quot;&quot;,&quot;focal_length&quot;:&quot;0&quot;,&quot;iso&quot;:&quot;0&quot;,&quot;shutter_speed&quot;:&quot;0&quot;,&quot;title&quot;:&quot;CEMF. Prix de l&#039;Enseignement Musical 2018. photo Caroline Doutre&quot;,&quot;orientation&quot;:&quot;1&quot;}\" data-image-title=\"CEMF. Prix de l&amp;rsquo;Enseignement Musical 2018. photo Caroline Doutre\" data-image-description=\"\" data-image-caption=\"\" data-medium-file=\"https:\/\/i0.wp.com\/www.cemf.fr\/lpem\/wp-content\/uploads\/2018\/11\/Estelle_Huet_Prix_de-_la-_methode.jpg?fit=300%2C200&amp;ssl=1\" data-large-file=\"https:\/\/i0.wp.com\/www.cemf.fr\/lpem\/wp-content\/uploads\/2018\/11\/Estelle_Huet_Prix_de-_la-_methode.jpg?fit=1024%2C683&amp;ssl=1\" class=\"alignleft wp-image-531 size-medium\" src=\"https:\/\/i0.wp.com\/www.cemf.fr\/lpem\/wp-content\/uploads\/2018\/11\/Estelle_Huet_Prix_de-_la-_methode.jpg?resize=300%2C200&#038;ssl=1\" alt=\"Photo Caroline Doutre\" width=\"300\" height=\"200\" srcset=\"https:\/\/i0.wp.com\/www.cemf.fr\/lpem\/wp-content\/uploads\/2018\/11\/Estelle_Huet_Prix_de-_la-_methode.jpg?resize=300%2C200&amp;ssl=1 300w, https:\/\/i0.wp.com\/www.cemf.fr\/lpem\/wp-content\/uploads\/2018\/11\/Estelle_Huet_Prix_de-_la-_methode.jpg?resize=768%2C512&amp;ssl=1 768w, https:\/\/i0.wp.com\/www.cemf.fr\/lpem\/wp-content\/uploads\/2018\/11\/Estelle_Huet_Prix_de-_la-_methode.jpg?w=1024&amp;ssl=1 1024w\" sizes=\"auto, (max-width: 300px) 100vw, 300px\" \/><\/a><\/h3>\n<h3><\/h3>\n<h3><strong>Des Oreilles Magiques<br \/>\nM\u00e9thode pour la formation de l&rsquo;oreille en cours de violoncelle<br \/>\n<\/strong><em>Estelle Huet (Lyon)<\/em><\/h3>\n<p>La formation de l&rsquo;oreille est rarement abord\u00e9e en tant que telle en cours d&rsquo;instrument. Pourtant, elle est la cl\u00e9 permettant \u00e0 l&rsquo;\u00e9l\u00e8ve de progresser de fa\u00e7on autonome, en le rendant capable d&rsquo;entendre lui-m\u00eame ce qu&rsquo;il doit am\u00e9liorer. Cette m\u00e9thode originale, \u00e0 destination des professeurs de violoncelle, est compos\u00e9e de nombreux jeux in\u00e9dits con\u00e7us sp\u00e9cialement pour travailler l&rsquo;oreille en cinq minutes au d\u00e9but de chaque cours. Elle aborde toutes les dimensions de la formation de l&rsquo;oreille par des jeux musicaux sans partition, utilisables du tout premier cours jusqu&rsquo;aux plus hauts niveaux. Une m\u00e9thode innovante, id\u00e9ale pour tous les professeurs en qu\u00eate de cr\u00e9ativit\u00e9 p\u00e9dagogique.<\/p>\n<p>&nbsp;<\/p>\n<h2><strong>Prix de l\u2019innovation technologique pour l\u2019enseignement de la musique<\/strong><\/h2>\n<p>&nbsp;<\/p>\n<p><a href=\"https:\/\/i0.wp.com\/www.cemf.fr\/lpem\/wp-content\/uploads\/2018\/11\/Hannelore_Guittet_Nomadplay_Prix_de_l_innovation.jpg?ssl=1\"><img data-recalc-dims=\"1\" loading=\"lazy\" decoding=\"async\" data-attachment-id=\"532\" data-permalink=\"https:\/\/www.cemf.fr\/lpem\/les-prix-de-lenseignement-musical-2018-le-palmares\/cemf-prix-de-lenseignement-musical-2018-photo-caroline-doutre-4\/\" data-orig-file=\"https:\/\/i0.wp.com\/www.cemf.fr\/lpem\/wp-content\/uploads\/2018\/11\/Hannelore_Guittet_Nomadplay_Prix_de_l_innovation.jpg?fit=1024%2C683&amp;ssl=1\" data-orig-size=\"1024,683\" data-comments-opened=\"1\" data-image-meta=\"{&quot;aperture&quot;:&quot;0&quot;,&quot;credit&quot;:&quot;&quot;,&quot;camera&quot;:&quot;&quot;,&quot;caption&quot;:&quot;&quot;,&quot;created_timestamp&quot;:&quot;0&quot;,&quot;copyright&quot;:&quot;&quot;,&quot;focal_length&quot;:&quot;0&quot;,&quot;iso&quot;:&quot;0&quot;,&quot;shutter_speed&quot;:&quot;0&quot;,&quot;title&quot;:&quot;CEMF. Prix de l&#039;Enseignement Musical 2018. photo Caroline Doutre&quot;,&quot;orientation&quot;:&quot;1&quot;}\" data-image-title=\"CEMF. Prix de l&amp;rsquo;Enseignement Musical 2018. photo Caroline Doutre\" data-image-description=\"\" data-image-caption=\"\" data-medium-file=\"https:\/\/i0.wp.com\/www.cemf.fr\/lpem\/wp-content\/uploads\/2018\/11\/Hannelore_Guittet_Nomadplay_Prix_de_l_innovation.jpg?fit=300%2C200&amp;ssl=1\" data-large-file=\"https:\/\/i0.wp.com\/www.cemf.fr\/lpem\/wp-content\/uploads\/2018\/11\/Hannelore_Guittet_Nomadplay_Prix_de_l_innovation.jpg?fit=1024%2C683&amp;ssl=1\" class=\"alignleft wp-image-532 size-medium\" src=\"https:\/\/i0.wp.com\/www.cemf.fr\/lpem\/wp-content\/uploads\/2018\/11\/Hannelore_Guittet_Nomadplay_Prix_de_l_innovation.jpg?resize=300%2C200&#038;ssl=1\" alt=\"Photo Caroline Doutre\" width=\"300\" height=\"200\" srcset=\"https:\/\/i0.wp.com\/www.cemf.fr\/lpem\/wp-content\/uploads\/2018\/11\/Hannelore_Guittet_Nomadplay_Prix_de_l_innovation.jpg?resize=300%2C200&amp;ssl=1 300w, https:\/\/i0.wp.com\/www.cemf.fr\/lpem\/wp-content\/uploads\/2018\/11\/Hannelore_Guittet_Nomadplay_Prix_de_l_innovation.jpg?resize=768%2C512&amp;ssl=1 768w, https:\/\/i0.wp.com\/www.cemf.fr\/lpem\/wp-content\/uploads\/2018\/11\/Hannelore_Guittet_Nomadplay_Prix_de_l_innovation.jpg?w=1024&amp;ssl=1 1024w\" sizes=\"auto, (max-width: 300px) 100vw, 300px\" \/><\/a><\/p>\n<h3><strong>NomadPlay<br \/>\n<\/strong><em>Hannelore Guittet \/ NoMadMusic(Paris)<\/em><\/h3>\n<p>NomadPlay est une application de r\u00e9alit\u00e9 augment\u00e9e, qui permet \u00e0 tout amateur de substituer virtuellement \u00e0 n&rsquo;importe quel musicien d&rsquo;un groupe ou orchestre, afin de jouer en immersion, avec d\u00e9filement de partition automatis\u00e9.<br \/>\nNomadPlay propose ainsi une nouvelle exp\u00e9rience immersive et interactive, pour pratiquer son instrument dans des conditions exceptionnelles.<br \/>\nNomadPlay a vu le jour pour am\u00e9liorer une pratique r\u00e9pandue : jouer par-dessus une bande, comme Ryan Gosling le fait dans LaLaLand par exemple, pour travailler son piano par-dessus un vinyle.<br \/>\nApr\u00e8s 4 ans de R&amp;D, NomadPlay repousse ainsi les limites du \u00ab\u00a0karaoke instrumental\u00a0\u00bb\u00a0 et de la pratique musicale immersive,\u00a0 gr\u00e2ce \u00e0 une innovation technologique distingu\u00e9e en d\u00e9cembre 2017 du Grand Prix de l&rsquo;Innovation de la Ville de Paris : un algorithme qui permet, \u00e0 partir d&rsquo;un enregistrement live ou studio, de s\u00e9parer les sources sonores, pour supprimer celle de son choix.<\/p>\n<p>Gr\u00e2ce \u00e0 cette innovation, NomadPlay est capable, \u00e0 partir d&rsquo;un enregistrement unique, de d\u00e9cliner autant de sc\u00e9narios interactifs que d&rsquo;instruments pr\u00e9sents sur la bande : en effet, \u00e0 partir d&rsquo;un enregistrement d&rsquo;une symphonie par exemple, l\u2019algorithme permet de soustraire soit le hautbois, soit la fl\u00fbte, soit les violons, etc.\u2026 et donc de rendre cette bande disponible pour tous les instrumentistes concern\u00e9s.<\/p>\n<p><iframe loading=\"lazy\" src=\"https:\/\/www.youtube.com\/embed\/DSyx73N0_kY\" width=\"560\" height=\"315\" frameborder=\"0\" allowfullscreen=\"allowfullscreen\" data-mce-fragment=\"1\"><\/iframe><\/p>\n<p>&nbsp;<\/p>\n<h2><strong>Prix du magasin de musique pour son implication dans l\u2019enseignement<\/strong><\/h2>\n<h3><strong><a href=\"https:\/\/i0.wp.com\/www.cemf.fr\/lpem\/wp-content\/uploads\/2018\/11\/La_machine_a_musique_Prix_du_magasin.jpg?ssl=1\"><img data-recalc-dims=\"1\" loading=\"lazy\" decoding=\"async\" data-attachment-id=\"533\" data-permalink=\"https:\/\/www.cemf.fr\/lpem\/les-prix-de-lenseignement-musical-2018-le-palmares\/cemf-prix-de-lenseignement-musical-2018-photo-caroline-doutre-5\/\" data-orig-file=\"https:\/\/i0.wp.com\/www.cemf.fr\/lpem\/wp-content\/uploads\/2018\/11\/La_machine_a_musique_Prix_du_magasin.jpg?fit=1024%2C683&amp;ssl=1\" data-orig-size=\"1024,683\" data-comments-opened=\"1\" data-image-meta=\"{&quot;aperture&quot;:&quot;0&quot;,&quot;credit&quot;:&quot;&quot;,&quot;camera&quot;:&quot;&quot;,&quot;caption&quot;:&quot;&quot;,&quot;created_timestamp&quot;:&quot;0&quot;,&quot;copyright&quot;:&quot;&quot;,&quot;focal_length&quot;:&quot;0&quot;,&quot;iso&quot;:&quot;0&quot;,&quot;shutter_speed&quot;:&quot;0&quot;,&quot;title&quot;:&quot;CEMF. Prix de l&#039;Enseignement Musical 2018. photo Caroline Doutre&quot;,&quot;orientation&quot;:&quot;1&quot;}\" data-image-title=\"CEMF. Prix de l&amp;rsquo;Enseignement Musical 2018. photo Caroline Doutre\" data-image-description=\"\" data-image-caption=\"\" data-medium-file=\"https:\/\/i0.wp.com\/www.cemf.fr\/lpem\/wp-content\/uploads\/2018\/11\/La_machine_a_musique_Prix_du_magasin.jpg?fit=300%2C200&amp;ssl=1\" data-large-file=\"https:\/\/i0.wp.com\/www.cemf.fr\/lpem\/wp-content\/uploads\/2018\/11\/La_machine_a_musique_Prix_du_magasin.jpg?fit=1024%2C683&amp;ssl=1\" class=\"alignleft wp-image-533 size-medium\" src=\"https:\/\/i0.wp.com\/www.cemf.fr\/lpem\/wp-content\/uploads\/2018\/11\/La_machine_a_musique_Prix_du_magasin.jpg?resize=300%2C200&#038;ssl=1\" alt=\"Photo Caroline Doutre\" width=\"300\" height=\"200\" srcset=\"https:\/\/i0.wp.com\/www.cemf.fr\/lpem\/wp-content\/uploads\/2018\/11\/La_machine_a_musique_Prix_du_magasin.jpg?resize=300%2C200&amp;ssl=1 300w, https:\/\/i0.wp.com\/www.cemf.fr\/lpem\/wp-content\/uploads\/2018\/11\/La_machine_a_musique_Prix_du_magasin.jpg?resize=768%2C512&amp;ssl=1 768w, https:\/\/i0.wp.com\/www.cemf.fr\/lpem\/wp-content\/uploads\/2018\/11\/La_machine_a_musique_Prix_du_magasin.jpg?w=1024&amp;ssl=1 1024w\" sizes=\"auto, (max-width: 300px) 100vw, 300px\" \/><\/a>La Machine \u00e0 Musique (Bordeaux)<br \/>\n<\/strong><em>Pamela Ferra Cabrillat<\/em><\/h3>\n<p>La Machine \u00e0 Musique Lignerolles est un v\u00e9ritable lieu de vie qui accueille divers types d\u2019\u00e9v\u00e9nements et d\u2019artistes, que ce soit dans l\u2019univers de la musique mais aussi en passerelle avec la litt\u00e9rature, les arts plastiques et la cr\u00e9ation.<br \/>\nAinsi, du jazz au chant choral, des livres aux partitions, tous les r\u00e9pertoires et tous les supports trouvent leur place \u00e0 La Machine \u00e0 Musique, port\u00e9s par les \u00ab passeurs \u00bb de l\u2019\u00e9quipe, ardents d\u00e9fenseurs de la musique et soucieux de soutenir les clients dans leur d\u00e9marche de d\u00e9couverte des univers musicaux.<br \/>\nLe secteur musical est au c\u0153ur des animations avec l\u2019accueil chaque mois de rencontres de divers types autour de la musique : pr\u00e9sentation de livres ou de disques, mini-concerts, pr\u00e9sentation d\u2019animations musicales \u00e0 venir par des acteurs culturels du territoire.<br \/>\nLa salle de rencontres de La Machine \u00e0 Musique Lignerolles est \u00e9galement utilis\u00e9e pour l\u2019accueil de divers ateliers propos\u00e9s par des acteurs du territoire : des ateliers d\u2019\u00e9criture autour de la musique (La Ronde) des intervenants en formation (Atelier Mot \u00e0 Mot), des conf\u00e9rences de presse pour la pr\u00e9sentation de saisons musicales (Festes Baroques, Jazz360, Vino Voce\u2026)<\/p>\n<h2><strong>Prix du r\u00e9pertoire, r\u00e9alisation d\u2019une<br \/>\npartition de musique instrumentale ou vocale<\/strong><\/h2>\n<h3><strong><a href=\"https:\/\/i0.wp.com\/www.cemf.fr\/lpem\/wp-content\/uploads\/2018\/11\/Gaelle_Belot_Prix_du_repertoire.jpg?ssl=1\"><img data-recalc-dims=\"1\" loading=\"lazy\" decoding=\"async\" data-attachment-id=\"534\" data-permalink=\"https:\/\/www.cemf.fr\/lpem\/les-prix-de-lenseignement-musical-2018-le-palmares\/cemf-prix-de-lenseignement-musical-2018-photo-caroline-doutre-6\/\" data-orig-file=\"https:\/\/i0.wp.com\/www.cemf.fr\/lpem\/wp-content\/uploads\/2018\/11\/Gaelle_Belot_Prix_du_repertoire.jpg?fit=1024%2C683&amp;ssl=1\" data-orig-size=\"1024,683\" data-comments-opened=\"1\" data-image-meta=\"{&quot;aperture&quot;:&quot;0&quot;,&quot;credit&quot;:&quot;&quot;,&quot;camera&quot;:&quot;&quot;,&quot;caption&quot;:&quot;&quot;,&quot;created_timestamp&quot;:&quot;0&quot;,&quot;copyright&quot;:&quot;&quot;,&quot;focal_length&quot;:&quot;0&quot;,&quot;iso&quot;:&quot;0&quot;,&quot;shutter_speed&quot;:&quot;0&quot;,&quot;title&quot;:&quot;CEMF. Prix de l&#039;Enseignement Musical 2018. photo Caroline Doutre&quot;,&quot;orientation&quot;:&quot;1&quot;}\" data-image-title=\"CEMF. Prix de l&amp;rsquo;Enseignement Musical 2018. photo Caroline Doutre\" data-image-description=\"\" data-image-caption=\"\" data-medium-file=\"https:\/\/i0.wp.com\/www.cemf.fr\/lpem\/wp-content\/uploads\/2018\/11\/Gaelle_Belot_Prix_du_repertoire.jpg?fit=300%2C200&amp;ssl=1\" data-large-file=\"https:\/\/i0.wp.com\/www.cemf.fr\/lpem\/wp-content\/uploads\/2018\/11\/Gaelle_Belot_Prix_du_repertoire.jpg?fit=1024%2C683&amp;ssl=1\" class=\"alignleft wp-image-534 size-medium\" src=\"https:\/\/i0.wp.com\/www.cemf.fr\/lpem\/wp-content\/uploads\/2018\/11\/Gaelle_Belot_Prix_du_repertoire.jpg?resize=300%2C200&#038;ssl=1\" alt=\"Photo Caroline Doutre\" width=\"300\" height=\"200\" srcset=\"https:\/\/i0.wp.com\/www.cemf.fr\/lpem\/wp-content\/uploads\/2018\/11\/Gaelle_Belot_Prix_du_repertoire.jpg?resize=300%2C200&amp;ssl=1 300w, https:\/\/i0.wp.com\/www.cemf.fr\/lpem\/wp-content\/uploads\/2018\/11\/Gaelle_Belot_Prix_du_repertoire.jpg?resize=768%2C512&amp;ssl=1 768w, https:\/\/i0.wp.com\/www.cemf.fr\/lpem\/wp-content\/uploads\/2018\/11\/Gaelle_Belot_Prix_du_repertoire.jpg?w=1024&amp;ssl=1 1024w\" sizes=\"auto, (max-width: 300px) 100vw, 300px\" \/><\/a>\u00a0Le Double<br \/>\n<\/strong><em>Ga\u00eblle Belot \/ <\/em><em>Conservatoire de musique et de danse d&rsquo;Ivry-sur-Seine \/ Editions Henry Lemoin<\/em>e<\/h3>\n<p>\u00abLe Double\u00bb est n\u00e9 de l\u2019envie de 2 enseignants du conservatoire d\u2019Ivry-sur-Seine, Ga\u00eblle Belot, fl\u00fbtiste et Szymon Ka\u00e7a, clarinettiste, de cr\u00e9er un projet artistique autour du r\u00e9pertoire contemporain pour ces 2 instruments.<br \/>\nEngag\u00e9s dans leur pratique artistique et convaincus de l\u2019importance de la transmission de la musique de notre temps, ils ont command\u00e9 pour leurs \u00e9l\u00e8ves avec le soutien de la ville d&rsquo;Ivry-sur-Seine 4 pi\u00e8ces pour fl\u00fbte(s) et clarinette(s) aupr\u00e8s de N.Baba, J.Combier, J.Malaussena et M.Matalon. Ils ont ensuite sollicit\u00e9 les \u00e9ditions Lemoine pour l&rsquo;\u00e9dition d&rsquo;un recueil \u00abLe Double\u00bb regroupant ces 4 pi\u00e8ces.<br \/>\nLe projet a abouti \u00e0 un concert associant des \u0153uvres jou\u00e9es par les professeurs et des cr\u00e9ations jou\u00e9es par les \u00e9l\u00e8ves.<\/p>\n<p><iframe loading=\"lazy\" src=\"https:\/\/www.youtube.com\/embed\/mw4U2qaQMJ4\" width=\"560\" height=\"315\" frameborder=\"0\" allowfullscreen=\"allowfullscreen\" data-mce-fragment=\"1\"><\/iframe><\/p>\n<p>&nbsp;<\/p>\n<h2><strong>Prix du spectacle mettant en sc\u00e8ne de jeunes interpr\u00e8tes<\/strong><\/h2>\n<h3><a href=\"https:\/\/i0.wp.com\/www.cemf.fr\/lpem\/wp-content\/uploads\/2018\/11\/Matthias_Champon_Helenne_Charbonneau_Prix_du-Spectacle.jpg?ssl=1\"><img data-recalc-dims=\"1\" loading=\"lazy\" decoding=\"async\" data-attachment-id=\"535\" data-permalink=\"https:\/\/www.cemf.fr\/lpem\/les-prix-de-lenseignement-musical-2018-le-palmares\/cemf-prix-de-lenseignement-musical-2018-photo-caroline-doutre-7\/\" data-orig-file=\"https:\/\/i0.wp.com\/www.cemf.fr\/lpem\/wp-content\/uploads\/2018\/11\/Matthias_Champon_Helenne_Charbonneau_Prix_du-Spectacle.jpg?fit=1024%2C683&amp;ssl=1\" data-orig-size=\"1024,683\" data-comments-opened=\"1\" data-image-meta=\"{&quot;aperture&quot;:&quot;0&quot;,&quot;credit&quot;:&quot;&quot;,&quot;camera&quot;:&quot;&quot;,&quot;caption&quot;:&quot;&quot;,&quot;created_timestamp&quot;:&quot;0&quot;,&quot;copyright&quot;:&quot;&quot;,&quot;focal_length&quot;:&quot;0&quot;,&quot;iso&quot;:&quot;0&quot;,&quot;shutter_speed&quot;:&quot;0&quot;,&quot;title&quot;:&quot;CEMF. Prix de l&#039;Enseignement Musical 2018. photo Caroline Doutre&quot;,&quot;orientation&quot;:&quot;1&quot;}\" data-image-title=\"CEMF. Prix de l&amp;rsquo;Enseignement Musical 2018. photo Caroline Doutre\" data-image-description=\"\" data-image-caption=\"\" data-medium-file=\"https:\/\/i0.wp.com\/www.cemf.fr\/lpem\/wp-content\/uploads\/2018\/11\/Matthias_Champon_Helenne_Charbonneau_Prix_du-Spectacle.jpg?fit=300%2C200&amp;ssl=1\" data-large-file=\"https:\/\/i0.wp.com\/www.cemf.fr\/lpem\/wp-content\/uploads\/2018\/11\/Matthias_Champon_Helenne_Charbonneau_Prix_du-Spectacle.jpg?fit=1024%2C683&amp;ssl=1\" class=\"alignleft wp-image-535 size-medium\" src=\"https:\/\/i0.wp.com\/www.cemf.fr\/lpem\/wp-content\/uploads\/2018\/11\/Matthias_Champon_Helenne_Charbonneau_Prix_du-Spectacle.jpg?resize=300%2C200&#038;ssl=1\" alt=\"Photo Caroline Doutre\" width=\"300\" height=\"200\" srcset=\"https:\/\/i0.wp.com\/www.cemf.fr\/lpem\/wp-content\/uploads\/2018\/11\/Matthias_Champon_Helenne_Charbonneau_Prix_du-Spectacle.jpg?resize=300%2C200&amp;ssl=1 300w, https:\/\/i0.wp.com\/www.cemf.fr\/lpem\/wp-content\/uploads\/2018\/11\/Matthias_Champon_Helenne_Charbonneau_Prix_du-Spectacle.jpg?resize=768%2C512&amp;ssl=1 768w, https:\/\/i0.wp.com\/www.cemf.fr\/lpem\/wp-content\/uploads\/2018\/11\/Matthias_Champon_Helenne_Charbonneau_Prix_du-Spectacle.jpg?w=1024&amp;ssl=1 1024w\" sizes=\"auto, (max-width: 300px) 100vw, 300px\" \/><\/a><\/h3>\n<h3><\/h3>\n<h3><\/h3>\n<h3><\/h3>\n<h3><strong>L&rsquo;Autre en Sc\u00e8ne<br \/>\n<\/strong><em>Matthias Champon \/ Le Tr\u00e9teau (Saint Denis)<\/em><\/h3>\n<p>L\u2019association le Tr\u00e9teau, a propos\u00e9 un projet de m\u00e9diation et de cr\u00e9ation d&rsquo;un spectacle musical. Le projet s&rsquo;est d\u00e9roul\u00e9 sur 2 ans, sur le temps scolaire, sous forme d&rsquo;ateliers, avec des \u00e9l\u00e8ves de CM1\/CM2 de Saint-Denis et Paris (2 \u00e9coles en REP), autour de la th\u00e9matique de \u00ab l\u2019Autre \u00bb. La composition musicale a \u00e9t\u00e9 confi\u00e9e \u00e0 Vincent Wavelet. Encadr\u00e9s par des artistes professionnels et leurs enseignants, les enfants ont assum\u00e9 toutes les \u00e9tapes de la cr\u00e9ation ; de l\u2019\u00e9criture \u00e0 la performance vocale et sc\u00e9nique, en passant par les d\u00e9cors et les costumes. Cette p\u00e9dagogie de l\u2019exp\u00e9rience, transversale, \u0153uvre pour l\u2019\u00e9galit\u00e9 des chances.<\/p>\n<p><iframe loading=\"lazy\" src=\"https:\/\/www.youtube.com\/embed\/gfzA59jULko\" width=\"560\" height=\"315\" frameborder=\"0\" allowfullscreen=\"allowfullscreen\" data-mce-fragment=\"1\"><\/iframe><\/p>\n<p>&nbsp;<\/p>\n<h3><strong>G\u00e9n\u00e9rations Lully<br \/>\n<\/strong><em>H\u00e9l\u00e8ne Charbonneau \/ Centre de Musique Baroque de Versailles<\/em><\/h3>\n<p>Projet d\u2019action culturelle men\u00e9 par le Centre de musique baroque de Versailles (CMBV) \u00e0 Trappes (78) de septembre 2016 \u00e0 juin 2018, G\u00e9n\u00e9rations Lully invite pr\u00e8s de 1 000 Trappistes \u00e0 la d\u00e9couverte et \u00e0 la cr\u00e9ation artistique autour de la musique baroque fran\u00e7aise. Le CMBV propose aux habitants, aux acteurs sociaux et culturels de Trappes et leurs publics, un parcours artistique autour de l\u2019\u0153uvre du compositeur Jean-Baptiste Lully, inventeur de l\u2019op\u00e9ra fran\u00e7ais. Le projet se d\u00e9roulera en deux temps : une ann\u00e9e de sensibilisation (2016-2017) \u00e0 l\u2019art baroque fran\u00e7ais autour de deux spectacles produits par le CMBV, et une ann\u00e9e de cr\u00e9ation artistique (2017-2018) d\u2019un spectacle pluridisciplinaire \u00e9crit avec les participants trappistes.<\/p>\n<p><iframe loading=\"lazy\" src=\"https:\/\/www.youtube.com\/embed\/LmODHJEbJVs\" width=\"560\" height=\"315\" frameborder=\"0\" allowfullscreen=\"allowfullscreen\" data-mce-fragment=\"1\"><\/iframe><\/p>\n<h3><\/h3>\n<h2>Prix Sp\u00e9cial de la Chambre syndicale des Editeurs de Musique de France<\/h2>\n<p><a href=\"https:\/\/www.lecrea.fr\"><img data-recalc-dims=\"1\" loading=\"lazy\" decoding=\"async\" data-attachment-id=\"524\" data-permalink=\"https:\/\/www.cemf.fr\/lpem\/les-nommes-edition-2018\/nouveau-logo-lecrea\/\" data-orig-file=\"https:\/\/i0.wp.com\/www.cemf.fr\/lpem\/wp-content\/uploads\/2018\/11\/nouveau-logo-lecrea.jpg?fit=132%2C76&amp;ssl=1\" data-orig-size=\"132,76\" data-comments-opened=\"1\" data-image-meta=\"{&quot;aperture&quot;:&quot;0&quot;,&quot;credit&quot;:&quot;&quot;,&quot;camera&quot;:&quot;&quot;,&quot;caption&quot;:&quot;&quot;,&quot;created_timestamp&quot;:&quot;0&quot;,&quot;copyright&quot;:&quot;&quot;,&quot;focal_length&quot;:&quot;0&quot;,&quot;iso&quot;:&quot;0&quot;,&quot;shutter_speed&quot;:&quot;0&quot;,&quot;title&quot;:&quot;&quot;,&quot;orientation&quot;:&quot;0&quot;}\" data-image-title=\"lecrea\" data-image-description=\"\" data-image-caption=\"\" data-medium-file=\"https:\/\/i0.wp.com\/www.cemf.fr\/lpem\/wp-content\/uploads\/2018\/11\/nouveau-logo-lecrea.jpg?fit=132%2C76&amp;ssl=1\" data-large-file=\"https:\/\/i0.wp.com\/www.cemf.fr\/lpem\/wp-content\/uploads\/2018\/11\/nouveau-logo-lecrea.jpg?fit=132%2C76&amp;ssl=1\" class=\"alignleft size-full wp-image-524\" src=\"https:\/\/i0.wp.com\/www.cemf.fr\/lpem\/wp-content\/uploads\/2018\/11\/nouveau-logo-lecrea.jpg?resize=132%2C76&#038;ssl=1\" alt=\"\" width=\"132\" height=\"76\" \/><\/a><\/p>\n<p>&nbsp;<\/p>\n<p>&nbsp;<\/p>\n<p><a href=\"https:\/\/i0.wp.com\/www.cemf.fr\/lpem\/wp-content\/uploads\/2018\/11\/Le_Crea_Prix_Special_Cemf.jpg?ssl=1\"><img data-recalc-dims=\"1\" loading=\"lazy\" decoding=\"async\" data-attachment-id=\"536\" data-permalink=\"https:\/\/www.cemf.fr\/lpem\/les-prix-de-lenseignement-musical-2018-le-palmares\/cemf-prix-de-lenseignement-musical-2018-photo-caroline-doutre-8\/\" data-orig-file=\"https:\/\/i0.wp.com\/www.cemf.fr\/lpem\/wp-content\/uploads\/2018\/11\/Le_Crea_Prix_Special_Cemf.jpg?fit=1024%2C683&amp;ssl=1\" data-orig-size=\"1024,683\" data-comments-opened=\"1\" data-image-meta=\"{&quot;aperture&quot;:&quot;0&quot;,&quot;credit&quot;:&quot;&quot;,&quot;camera&quot;:&quot;&quot;,&quot;caption&quot;:&quot;&quot;,&quot;created_timestamp&quot;:&quot;0&quot;,&quot;copyright&quot;:&quot;&quot;,&quot;focal_length&quot;:&quot;0&quot;,&quot;iso&quot;:&quot;0&quot;,&quot;shutter_speed&quot;:&quot;0&quot;,&quot;title&quot;:&quot;CEMF. Prix de l&#039;Enseignement Musical 2018. photo Caroline Doutre&quot;,&quot;orientation&quot;:&quot;1&quot;}\" data-image-title=\"CEMF. Prix de l&amp;rsquo;Enseignement Musical 2018. photo Caroline Doutre\" data-image-description=\"\" data-image-caption=\"\" data-medium-file=\"https:\/\/i0.wp.com\/www.cemf.fr\/lpem\/wp-content\/uploads\/2018\/11\/Le_Crea_Prix_Special_Cemf.jpg?fit=300%2C200&amp;ssl=1\" data-large-file=\"https:\/\/i0.wp.com\/www.cemf.fr\/lpem\/wp-content\/uploads\/2018\/11\/Le_Crea_Prix_Special_Cemf.jpg?fit=1024%2C683&amp;ssl=1\" class=\"alignleft wp-image-536 size-medium\" src=\"https:\/\/i0.wp.com\/www.cemf.fr\/lpem\/wp-content\/uploads\/2018\/11\/Le_Crea_Prix_Special_Cemf.jpg?resize=300%2C200&#038;ssl=1\" alt=\"Photo Caroline Doutre\" width=\"300\" height=\"200\" srcset=\"https:\/\/i0.wp.com\/www.cemf.fr\/lpem\/wp-content\/uploads\/2018\/11\/Le_Crea_Prix_Special_Cemf.jpg?resize=300%2C200&amp;ssl=1 300w, https:\/\/i0.wp.com\/www.cemf.fr\/lpem\/wp-content\/uploads\/2018\/11\/Le_Crea_Prix_Special_Cemf.jpg?resize=768%2C512&amp;ssl=1 768w, https:\/\/i0.wp.com\/www.cemf.fr\/lpem\/wp-content\/uploads\/2018\/11\/Le_Crea_Prix_Special_Cemf.jpg?w=1024&amp;ssl=1 1024w\" sizes=\"auto, (max-width: 300px) 100vw, 300px\" \/><\/a><\/p>\n<p>&nbsp;<\/p>\n<p><a href=\"https:\/\/www.lecrea.fr\"><strong>Le CR\u00c9A d\u2019Aulnay-sous-Bois,<\/strong><\/a><\/p>\n<p>Le CR\u00c9A, est une structure unique en France d\u2019\u00e9ducation artistiques et de cr\u00e9ations vocales et sc\u00e9niques de haut niveau accessible \u00e0 tous.<\/p>\n<p>Dirig\u00e9 par Didier Grojsman et Christian Eymery, parrain\u00e9 par Natalie Dessay, le CR\u00c9A centre de cr\u00e9ation vocale et sc\u00e9nique, offre la possibilit\u00e9 \u00e0 des enfants et adultes de pratiquer le chant et les arts de la sc\u00e8ne sans s\u00e9lection ni audition. Chaque ann\u00e9e, 130 interpr\u00e8tes sont accueillis au sein de 4 formations vocales selon leur \u00e2ge. Le chant, dispens\u00e9 par des professionnels dans le plaisir et l\u2019exigence, devient pr\u00e9texte \u00e0 une \u00e9ducation globale bas\u00e9e sur l\u2019\u00e9coute, le respect, le partage. Pionnier en mati\u00e8re de cr\u00e9ations d\u2019\u0153uvres interpr\u00e9t\u00e9es par des enfants.<\/p>\n<p>Le CR\u00c9A a r\u00e9alis\u00e9 plus de 70 cr\u00e9ations (dont une vingtaine de commandes d\u2019op\u00e9ras). Elles ont \u00e9t\u00e9 cr\u00e9\u00e9es pour l\u2019essentiel sur la sc\u00e8ne du th\u00e9\u00e2tre Jacques Pr\u00e9vert d\u2019Aulnay-sous-Bois puis programm\u00e9es dans de nombreux op\u00e9ras et th\u00e9\u00e2tres en France.<\/p>\n<p>Ces \u0153uvres sont \u00e9galement reprises dans de nouvelles productions en province. Le CR\u00c9A d\u00e9veloppe et imagine des actions \u00e9ducatives et culturelles. Son action \u00e0 Aulnay-sous-Bois et en \u00cele-de-France s\u2019\u00e9tend chaque semaine aupr\u00e8s de plus de 1000 enfants et adultes dans les \u00e9coles, les coll\u00e8ges, les conservatoires, les centres de loisirs.<br \/>\nEn parall\u00e8le, le CR\u00c9A propose des parcours des formation sur mesure. Depuis sa cr\u00e9ation en 1987, le CR\u00c9A a pu transmettre sa philosophie d\u2019\u00e9ducation aupr\u00e8s de plus de 6000 adultes.<\/p>\n<p>EN CHIFFRES<br \/>\n<strong>CR\u00c9ATION VOCALE<\/strong><br \/>\n3 500 enfants accueillis dans les ch\u0153urs<br \/>\n72 spectacles cr\u00e9\u00e9s<\/p>\n<p><strong>\u00c9DUCATION ARTISTIQUE ET CULTURELLE<\/strong><br \/>\n30 000 \u00e9l\u00e8ves, 1000 enseignants<br \/>\nengag\u00e9s dans des actions \u00e9ducatives et culturelles<br \/>\n41 000 \u00e9l\u00e8ves sensibilis\u00e9s aux cr\u00e9ations<\/p>\n<p><strong>TRANSMISSION<\/strong><br \/>\n6200 adultes form\u00e9s \u00e0 la p\u00e9dagogie du CR\u00c9A<\/p>\n<p><strong>RAYONNEMENT NATIONAL<\/strong><br \/>\n200 reprises issues des commandes du CR\u00c9A<br \/>\njou\u00e9es par d\u2019autres structures en France et \u00e0 l\u2019\u00e9tranger<\/p>\n<p><a href=\"https:\/\/i0.wp.com\/www.cemf.fr\/lpem\/wp-content\/uploads\/2018\/11\/W18CD1126CEMF_0871.jpg?ssl=1\"><img data-recalc-dims=\"1\" loading=\"lazy\" decoding=\"async\" data-attachment-id=\"582\" data-permalink=\"https:\/\/www.cemf.fr\/lpem\/les-prix-de-lenseignement-musical-2018-le-palmares\/cemf-prix-de-lenseignement-musical-2018-photo-caroline-doutre-44\/\" data-orig-file=\"https:\/\/i0.wp.com\/www.cemf.fr\/lpem\/wp-content\/uploads\/2018\/11\/W18CD1126CEMF_0871.jpg?fit=1024%2C683&amp;ssl=1\" data-orig-size=\"1024,683\" data-comments-opened=\"1\" data-image-meta=\"{&quot;aperture&quot;:&quot;0&quot;,&quot;credit&quot;:&quot;&quot;,&quot;camera&quot;:&quot;&quot;,&quot;caption&quot;:&quot;&quot;,&quot;created_timestamp&quot;:&quot;0&quot;,&quot;copyright&quot;:&quot;&quot;,&quot;focal_length&quot;:&quot;0&quot;,&quot;iso&quot;:&quot;0&quot;,&quot;shutter_speed&quot;:&quot;0&quot;,&quot;title&quot;:&quot;CEMF. Prix de l&#039;Enseignement Musical 2018. photo Caroline Doutre&quot;,&quot;orientation&quot;:&quot;1&quot;}\" data-image-title=\"CEMF. Prix de l&amp;rsquo;Enseignement Musical 2018. photo Caroline Doutre\" data-image-description=\"\" data-image-caption=\"\" data-medium-file=\"https:\/\/i0.wp.com\/www.cemf.fr\/lpem\/wp-content\/uploads\/2018\/11\/W18CD1126CEMF_0871.jpg?fit=300%2C200&amp;ssl=1\" data-large-file=\"https:\/\/i0.wp.com\/www.cemf.fr\/lpem\/wp-content\/uploads\/2018\/11\/W18CD1126CEMF_0871.jpg?fit=1024%2C683&amp;ssl=1\" class=\"alignleft wp-image-582\" src=\"https:\/\/i0.wp.com\/www.cemf.fr\/lpem\/wp-content\/uploads\/2018\/11\/W18CD1126CEMF_0871.jpg?resize=512%2C342&#038;ssl=1\" alt=\"\" width=\"512\" height=\"342\" srcset=\"https:\/\/i0.wp.com\/www.cemf.fr\/lpem\/wp-content\/uploads\/2018\/11\/W18CD1126CEMF_0871.jpg?resize=300%2C200&amp;ssl=1 300w, https:\/\/i0.wp.com\/www.cemf.fr\/lpem\/wp-content\/uploads\/2018\/11\/W18CD1126CEMF_0871.jpg?resize=768%2C512&amp;ssl=1 768w, https:\/\/i0.wp.com\/www.cemf.fr\/lpem\/wp-content\/uploads\/2018\/11\/W18CD1126CEMF_0871.jpg?w=1024&amp;ssl=1 1024w\" sizes=\"auto, (max-width: 512px) 100vw, 512px\" \/><\/a><\/p>\n<p>&nbsp;<\/p>\n","protected":false},"excerpt":{"rendered":"<p>C\u00e9r\u00e9monie de la 5e \u00e9dition des Prix de l&rsquo;Enseignement Musical. 26 novembre 2018 &#8211; Tour Eiffel Les Laur\u00e9ats Prix de la cr\u00e9ation d\u2019une nouvelle \u0153uvre \u00e0 dominante musicale pour de jeunes interpr\u00e8tes &nbsp; &nbsp; &nbsp; M\u00e9t\u00e9oriques Philippe Boivin \/ Ensemble C Barr\u00e9 (Marseille) Oratorio en trois actes sur un livret de Catherine Peillon, pour ch\u0153urs [&hellip;]<\/p>\n","protected":false},"author":1,"featured_media":0,"parent":0,"menu_order":0,"comment_status":"closed","ping_status":"closed","template":"page-nommes.php","meta":{"_acf_changed":false,"jetpack_post_was_ever_published":false,"footnotes":""},"class_list":["post-528","page","type-page","status-publish","hentry"],"acf":[],"jetpack_sharing_enabled":true,"jetpack_shortlink":"https:\/\/wp.me\/P83htQ-8w","jetpack-related-posts":[],"_links":{"self":[{"href":"https:\/\/www.cemf.fr\/lpem\/wp-json\/wp\/v2\/pages\/528","targetHints":{"allow":["GET"]}}],"collection":[{"href":"https:\/\/www.cemf.fr\/lpem\/wp-json\/wp\/v2\/pages"}],"about":[{"href":"https:\/\/www.cemf.fr\/lpem\/wp-json\/wp\/v2\/types\/page"}],"author":[{"embeddable":true,"href":"https:\/\/www.cemf.fr\/lpem\/wp-json\/wp\/v2\/users\/1"}],"replies":[{"embeddable":true,"href":"https:\/\/www.cemf.fr\/lpem\/wp-json\/wp\/v2\/comments?post=528"}],"version-history":[{"count":10,"href":"https:\/\/www.cemf.fr\/lpem\/wp-json\/wp\/v2\/pages\/528\/revisions"}],"predecessor-version":[{"id":627,"href":"https:\/\/www.cemf.fr\/lpem\/wp-json\/wp\/v2\/pages\/528\/revisions\/627"}],"wp:attachment":[{"href":"https:\/\/www.cemf.fr\/lpem\/wp-json\/wp\/v2\/media?parent=528"}],"curies":[{"name":"wp","href":"https:\/\/api.w.org\/{rel}","templated":true}]}}