{"id":1113,"date":"2023-11-28T15:17:08","date_gmt":"2023-11-28T14:17:08","guid":{"rendered":"https:\/\/www.cemf.fr\/lpem\/?page_id=1113"},"modified":"2023-11-28T15:17:10","modified_gmt":"2023-11-28T14:17:10","slug":"la-ceremonie-de-la-8e-edition-des-prix-de-lenseignement-musical-en-image","status":"publish","type":"page","link":"https:\/\/www.cemf.fr\/lpem\/la-ceremonie-de-la-8e-edition-des-prix-de-lenseignement-musical-en-image\/","title":{"rendered":"La C\u00e9r\u00e9monie de la 8e \u00e9dition des Prix de l\u2019Enseignement Musical en image"},"content":{"rendered":"\n<p>C\u00e9r\u00e9monie des Prix de l&rsquo;Enseignement Musical, dimanche 26 novembre 2023, la Tour Eiffel<\/p>\n\n\n\n<div class=\"wp-block-jetpack-slideshow aligncenter\" data-effect=\"slide\"><div class=\"wp-block-jetpack-slideshow_container swiper-container\"><ul class=\"wp-block-jetpack-slideshow_swiper-wrapper swiper-wrapper\"><li class=\"wp-block-jetpack-slideshow_slide swiper-slide\"><figure><img data-recalc-dims=\"1\" loading=\"lazy\" decoding=\"async\" width=\"1024\" height=\"682\" alt=\"\" class=\"wp-block-jetpack-slideshow_image wp-image-1382\" data-id=\"1382\" src=\"https:\/\/i0.wp.com\/www.cemf.fr\/lpem\/wp-content\/uploads\/2023\/11\/Prix_enseignement_musical_2023_23CD1126CEMF_0143-5.jpg?resize=1024%2C682&#038;ssl=1\" srcset=\"https:\/\/i0.wp.com\/www.cemf.fr\/lpem\/wp-content\/uploads\/2023\/11\/Prix_enseignement_musical_2023_23CD1126CEMF_0143-5.jpg?w=1024&amp;ssl=1 1024w, https:\/\/i0.wp.com\/www.cemf.fr\/lpem\/wp-content\/uploads\/2023\/11\/Prix_enseignement_musical_2023_23CD1126CEMF_0143-5.jpg?resize=300%2C200&amp;ssl=1 300w, https:\/\/i0.wp.com\/www.cemf.fr\/lpem\/wp-content\/uploads\/2023\/11\/Prix_enseignement_musical_2023_23CD1126CEMF_0143-5.jpg?resize=768%2C512&amp;ssl=1 768w\" sizes=\"(max-width: 1000px) 100vw, 1000px\" \/><figcaption class=\"wp-block-jetpack-slideshow_caption gallery-caption\">Prix de l&rsquo;Enseignement Musical 2023. CEMF. Paris, 26\/11\/2023. Photo Caroline Doutre<\/figcaption><\/figure><\/li><li class=\"wp-block-jetpack-slideshow_slide swiper-slide\"><figure><img data-recalc-dims=\"1\" loading=\"lazy\" decoding=\"async\" width=\"1024\" height=\"682\" alt=\"\" class=\"wp-block-jetpack-slideshow_image wp-image-1390\" data-id=\"1390\" src=\"https:\/\/i0.wp.com\/www.cemf.fr\/lpem\/wp-content\/uploads\/2023\/11\/Prix_enseignement_musical_2023_23CD1126CEMF_0172-5.jpg?resize=1024%2C682&#038;ssl=1\" srcset=\"https:\/\/i0.wp.com\/www.cemf.fr\/lpem\/wp-content\/uploads\/2023\/11\/Prix_enseignement_musical_2023_23CD1126CEMF_0172-5.jpg?w=1024&amp;ssl=1 1024w, https:\/\/i0.wp.com\/www.cemf.fr\/lpem\/wp-content\/uploads\/2023\/11\/Prix_enseignement_musical_2023_23CD1126CEMF_0172-5.jpg?resize=300%2C200&amp;ssl=1 300w, https:\/\/i0.wp.com\/www.cemf.fr\/lpem\/wp-content\/uploads\/2023\/11\/Prix_enseignement_musical_2023_23CD1126CEMF_0172-5.jpg?resize=768%2C512&amp;ssl=1 768w\" sizes=\"(max-width: 1000px) 100vw, 1000px\" \/><figcaption class=\"wp-block-jetpack-slideshow_caption gallery-caption\">Prix de l&rsquo;Enseignement Musical 2023. CEMF. Paris, 26\/11\/2023. Photo Caroline Doutre<\/figcaption><\/figure><\/li><li class=\"wp-block-jetpack-slideshow_slide swiper-slide\"><figure><img data-recalc-dims=\"1\" loading=\"lazy\" decoding=\"async\" width=\"1024\" height=\"682\" alt=\"\" class=\"wp-block-jetpack-slideshow_image wp-image-1401\" data-id=\"1401\" src=\"https:\/\/i0.wp.com\/www.cemf.fr\/lpem\/wp-content\/uploads\/2023\/11\/Prix_enseignement_musical_2023_23CD1126CEMF_0239-5.jpg?resize=1024%2C682&#038;ssl=1\" srcset=\"https:\/\/i0.wp.com\/www.cemf.fr\/lpem\/wp-content\/uploads\/2023\/11\/Prix_enseignement_musical_2023_23CD1126CEMF_0239-5.jpg?w=1024&amp;ssl=1 1024w, https:\/\/i0.wp.com\/www.cemf.fr\/lpem\/wp-content\/uploads\/2023\/11\/Prix_enseignement_musical_2023_23CD1126CEMF_0239-5.jpg?resize=300%2C200&amp;ssl=1 300w, https:\/\/i0.wp.com\/www.cemf.fr\/lpem\/wp-content\/uploads\/2023\/11\/Prix_enseignement_musical_2023_23CD1126CEMF_0239-5.jpg?resize=768%2C512&amp;ssl=1 768w\" sizes=\"(max-width: 1000px) 100vw, 1000px\" \/><figcaption class=\"wp-block-jetpack-slideshow_caption gallery-caption\">Prix de l&rsquo;Enseignement Musical 2023. CEMF. Paris, 26\/11\/2023. Photo Caroline Doutre<\/figcaption><\/figure><\/li><li class=\"wp-block-jetpack-slideshow_slide swiper-slide\"><figure><img data-recalc-dims=\"1\" loading=\"lazy\" decoding=\"async\" width=\"1024\" height=\"682\" alt=\"\" class=\"wp-block-jetpack-slideshow_image wp-image-1402\" data-id=\"1402\" src=\"https:\/\/i0.wp.com\/www.cemf.fr\/lpem\/wp-content\/uploads\/2023\/11\/Prix_enseignement_musical_2023_23CD1126CEMF_0305-5.jpg?resize=1024%2C682&#038;ssl=1\" srcset=\"https:\/\/i0.wp.com\/www.cemf.fr\/lpem\/wp-content\/uploads\/2023\/11\/Prix_enseignement_musical_2023_23CD1126CEMF_0305-5.jpg?w=1024&amp;ssl=1 1024w, https:\/\/i0.wp.com\/www.cemf.fr\/lpem\/wp-content\/uploads\/2023\/11\/Prix_enseignement_musical_2023_23CD1126CEMF_0305-5.jpg?resize=300%2C200&amp;ssl=1 300w, https:\/\/i0.wp.com\/www.cemf.fr\/lpem\/wp-content\/uploads\/2023\/11\/Prix_enseignement_musical_2023_23CD1126CEMF_0305-5.jpg?resize=768%2C512&amp;ssl=1 768w\" sizes=\"(max-width: 1000px) 100vw, 1000px\" \/><figcaption class=\"wp-block-jetpack-slideshow_caption gallery-caption\">Prix de l&rsquo;Enseignement Musical 2023. CEMF. Paris, 26\/11\/2023. Photo Caroline Doutre<\/figcaption><\/figure><\/li><li class=\"wp-block-jetpack-slideshow_slide swiper-slide\"><figure><img data-recalc-dims=\"1\" loading=\"lazy\" decoding=\"async\" width=\"1024\" height=\"682\" alt=\"\" class=\"wp-block-jetpack-slideshow_image wp-image-1403\" data-id=\"1403\" src=\"https:\/\/i0.wp.com\/www.cemf.fr\/lpem\/wp-content\/uploads\/2023\/11\/Prix_enseignement_musical_2023_23CD1126CEMF_0314-5.jpg?resize=1024%2C682&#038;ssl=1\" srcset=\"https:\/\/i0.wp.com\/www.cemf.fr\/lpem\/wp-content\/uploads\/2023\/11\/Prix_enseignement_musical_2023_23CD1126CEMF_0314-5.jpg?w=1024&amp;ssl=1 1024w, https:\/\/i0.wp.com\/www.cemf.fr\/lpem\/wp-content\/uploads\/2023\/11\/Prix_enseignement_musical_2023_23CD1126CEMF_0314-5.jpg?resize=300%2C200&amp;ssl=1 300w, https:\/\/i0.wp.com\/www.cemf.fr\/lpem\/wp-content\/uploads\/2023\/11\/Prix_enseignement_musical_2023_23CD1126CEMF_0314-5.jpg?resize=768%2C512&amp;ssl=1 768w\" sizes=\"(max-width: 1000px) 100vw, 1000px\" \/><figcaption class=\"wp-block-jetpack-slideshow_caption gallery-caption\">Prix de l&rsquo;Enseignement Musical 2023. CEMF. Paris, 26\/11\/2023. Photo Caroline Doutre<\/figcaption><\/figure><\/li><li class=\"wp-block-jetpack-slideshow_slide swiper-slide\"><figure><img data-recalc-dims=\"1\" loading=\"lazy\" decoding=\"async\" width=\"1024\" height=\"682\" alt=\"\" class=\"wp-block-jetpack-slideshow_image wp-image-1404\" data-id=\"1404\" src=\"https:\/\/i0.wp.com\/www.cemf.fr\/lpem\/wp-content\/uploads\/2023\/11\/Prix_enseignement_musical_2023_23CD1126CEMF_0326-5.jpg?resize=1024%2C682&#038;ssl=1\" srcset=\"https:\/\/i0.wp.com\/www.cemf.fr\/lpem\/wp-content\/uploads\/2023\/11\/Prix_enseignement_musical_2023_23CD1126CEMF_0326-5.jpg?w=1024&amp;ssl=1 1024w, https:\/\/i0.wp.com\/www.cemf.fr\/lpem\/wp-content\/uploads\/2023\/11\/Prix_enseignement_musical_2023_23CD1126CEMF_0326-5.jpg?resize=300%2C200&amp;ssl=1 300w, https:\/\/i0.wp.com\/www.cemf.fr\/lpem\/wp-content\/uploads\/2023\/11\/Prix_enseignement_musical_2023_23CD1126CEMF_0326-5.jpg?resize=768%2C512&amp;ssl=1 768w\" sizes=\"(max-width: 1000px) 100vw, 1000px\" \/><figcaption class=\"wp-block-jetpack-slideshow_caption gallery-caption\">Prix de l&rsquo;Enseignement Musical 2023. CEMF. Paris, 26\/11\/2023. Photo Caroline Doutre<\/figcaption><\/figure><\/li><li class=\"wp-block-jetpack-slideshow_slide swiper-slide\"><figure><img data-recalc-dims=\"1\" loading=\"lazy\" decoding=\"async\" width=\"1024\" height=\"682\" alt=\"\" class=\"wp-block-jetpack-slideshow_image wp-image-1405\" data-id=\"1405\" src=\"https:\/\/i0.wp.com\/www.cemf.fr\/lpem\/wp-content\/uploads\/2023\/11\/Prix_enseignement_musical_2023_23CD1126CEMF_0365-5.jpg?resize=1024%2C682&#038;ssl=1\" srcset=\"https:\/\/i0.wp.com\/www.cemf.fr\/lpem\/wp-content\/uploads\/2023\/11\/Prix_enseignement_musical_2023_23CD1126CEMF_0365-5.jpg?w=1024&amp;ssl=1 1024w, https:\/\/i0.wp.com\/www.cemf.fr\/lpem\/wp-content\/uploads\/2023\/11\/Prix_enseignement_musical_2023_23CD1126CEMF_0365-5.jpg?resize=300%2C200&amp;ssl=1 300w, https:\/\/i0.wp.com\/www.cemf.fr\/lpem\/wp-content\/uploads\/2023\/11\/Prix_enseignement_musical_2023_23CD1126CEMF_0365-5.jpg?resize=768%2C512&amp;ssl=1 768w\" sizes=\"(max-width: 1000px) 100vw, 1000px\" \/><figcaption class=\"wp-block-jetpack-slideshow_caption gallery-caption\">Prix de l&rsquo;Enseignement Musical 2023. CEMF. Paris, 26\/11\/2023. Photo Caroline Doutre<\/figcaption><\/figure><\/li><li class=\"wp-block-jetpack-slideshow_slide swiper-slide\"><figure><img data-recalc-dims=\"1\" loading=\"lazy\" decoding=\"async\" width=\"1024\" height=\"682\" alt=\"\" class=\"wp-block-jetpack-slideshow_image wp-image-1406\" data-id=\"1406\" src=\"https:\/\/i0.wp.com\/www.cemf.fr\/lpem\/wp-content\/uploads\/2023\/11\/Prix_enseignement_musical_2023_23CD1126CEMF_0374-5.jpg?resize=1024%2C682&#038;ssl=1\" srcset=\"https:\/\/i0.wp.com\/www.cemf.fr\/lpem\/wp-content\/uploads\/2023\/11\/Prix_enseignement_musical_2023_23CD1126CEMF_0374-5.jpg?w=1024&amp;ssl=1 1024w, https:\/\/i0.wp.com\/www.cemf.fr\/lpem\/wp-content\/uploads\/2023\/11\/Prix_enseignement_musical_2023_23CD1126CEMF_0374-5.jpg?resize=300%2C200&amp;ssl=1 300w, https:\/\/i0.wp.com\/www.cemf.fr\/lpem\/wp-content\/uploads\/2023\/11\/Prix_enseignement_musical_2023_23CD1126CEMF_0374-5.jpg?resize=768%2C512&amp;ssl=1 768w\" sizes=\"(max-width: 1000px) 100vw, 1000px\" \/><figcaption class=\"wp-block-jetpack-slideshow_caption gallery-caption\">Prix de l&rsquo;Enseignement Musical 2023. CEMF. Paris, 26\/11\/2023. Photo Caroline Doutre<\/figcaption><\/figure><\/li><li class=\"wp-block-jetpack-slideshow_slide swiper-slide\"><figure><img data-recalc-dims=\"1\" loading=\"lazy\" decoding=\"async\" width=\"1024\" height=\"682\" alt=\"\" class=\"wp-block-jetpack-slideshow_image wp-image-1407\" data-id=\"1407\" src=\"https:\/\/i0.wp.com\/www.cemf.fr\/lpem\/wp-content\/uploads\/2023\/11\/Prix_enseignement_musical_2023_23CD1126CEMF_0385-5.jpg?resize=1024%2C682&#038;ssl=1\" srcset=\"https:\/\/i0.wp.com\/www.cemf.fr\/lpem\/wp-content\/uploads\/2023\/11\/Prix_enseignement_musical_2023_23CD1126CEMF_0385-5.jpg?w=1024&amp;ssl=1 1024w, https:\/\/i0.wp.com\/www.cemf.fr\/lpem\/wp-content\/uploads\/2023\/11\/Prix_enseignement_musical_2023_23CD1126CEMF_0385-5.jpg?resize=300%2C200&amp;ssl=1 300w, https:\/\/i0.wp.com\/www.cemf.fr\/lpem\/wp-content\/uploads\/2023\/11\/Prix_enseignement_musical_2023_23CD1126CEMF_0385-5.jpg?resize=768%2C512&amp;ssl=1 768w\" sizes=\"(max-width: 1000px) 100vw, 1000px\" \/><figcaption class=\"wp-block-jetpack-slideshow_caption gallery-caption\">Prix de l&rsquo;Enseignement Musical 2023. CEMF. Paris, 26\/11\/2023. Photo Caroline Doutre<\/figcaption><\/figure><\/li><li class=\"wp-block-jetpack-slideshow_slide swiper-slide\"><figure><img data-recalc-dims=\"1\" loading=\"lazy\" decoding=\"async\" width=\"1024\" height=\"682\" alt=\"\" class=\"wp-block-jetpack-slideshow_image wp-image-1408\" data-id=\"1408\" src=\"https:\/\/i0.wp.com\/www.cemf.fr\/lpem\/wp-content\/uploads\/2023\/11\/Prix_enseignement_musical_2023_23CD1126CEMF_0401-5.jpg?resize=1024%2C682&#038;ssl=1\" srcset=\"https:\/\/i0.wp.com\/www.cemf.fr\/lpem\/wp-content\/uploads\/2023\/11\/Prix_enseignement_musical_2023_23CD1126CEMF_0401-5.jpg?w=1024&amp;ssl=1 1024w, https:\/\/i0.wp.com\/www.cemf.fr\/lpem\/wp-content\/uploads\/2023\/11\/Prix_enseignement_musical_2023_23CD1126CEMF_0401-5.jpg?resize=300%2C200&amp;ssl=1 300w, https:\/\/i0.wp.com\/www.cemf.fr\/lpem\/wp-content\/uploads\/2023\/11\/Prix_enseignement_musical_2023_23CD1126CEMF_0401-5.jpg?resize=768%2C512&amp;ssl=1 768w\" sizes=\"(max-width: 1000px) 100vw, 1000px\" \/><figcaption class=\"wp-block-jetpack-slideshow_caption gallery-caption\">Prix de l&rsquo;Enseignement Musical 2023. CEMF. Paris, 26\/11\/2023. Photo Caroline Doutre<\/figcaption><\/figure><\/li><li class=\"wp-block-jetpack-slideshow_slide swiper-slide\"><figure><img data-recalc-dims=\"1\" loading=\"lazy\" decoding=\"async\" width=\"1024\" height=\"682\" alt=\"\" class=\"wp-block-jetpack-slideshow_image wp-image-1409\" data-id=\"1409\" src=\"https:\/\/i0.wp.com\/www.cemf.fr\/lpem\/wp-content\/uploads\/2023\/11\/Prix_enseignement_musical_2023_23CD1126CEMF_0419-5.jpg?resize=1024%2C682&#038;ssl=1\" srcset=\"https:\/\/i0.wp.com\/www.cemf.fr\/lpem\/wp-content\/uploads\/2023\/11\/Prix_enseignement_musical_2023_23CD1126CEMF_0419-5.jpg?w=1024&amp;ssl=1 1024w, https:\/\/i0.wp.com\/www.cemf.fr\/lpem\/wp-content\/uploads\/2023\/11\/Prix_enseignement_musical_2023_23CD1126CEMF_0419-5.jpg?resize=300%2C200&amp;ssl=1 300w, https:\/\/i0.wp.com\/www.cemf.fr\/lpem\/wp-content\/uploads\/2023\/11\/Prix_enseignement_musical_2023_23CD1126CEMF_0419-5.jpg?resize=768%2C512&amp;ssl=1 768w\" sizes=\"(max-width: 1000px) 100vw, 1000px\" \/><figcaption class=\"wp-block-jetpack-slideshow_caption gallery-caption\">Prix de l&rsquo;Enseignement Musical 2023. CEMF. Paris, 26\/11\/2023. Photo Caroline Doutre<\/figcaption><\/figure><\/li><li class=\"wp-block-jetpack-slideshow_slide swiper-slide\"><figure><img data-recalc-dims=\"1\" loading=\"lazy\" decoding=\"async\" width=\"1024\" height=\"682\" alt=\"\" class=\"wp-block-jetpack-slideshow_image wp-image-1410\" data-id=\"1410\" src=\"https:\/\/i0.wp.com\/www.cemf.fr\/lpem\/wp-content\/uploads\/2023\/11\/Prix_enseignement_musical_2023_23CD1126CEMF_0422-5.jpg?resize=1024%2C682&#038;ssl=1\" srcset=\"https:\/\/i0.wp.com\/www.cemf.fr\/lpem\/wp-content\/uploads\/2023\/11\/Prix_enseignement_musical_2023_23CD1126CEMF_0422-5.jpg?w=1024&amp;ssl=1 1024w, https:\/\/i0.wp.com\/www.cemf.fr\/lpem\/wp-content\/uploads\/2023\/11\/Prix_enseignement_musical_2023_23CD1126CEMF_0422-5.jpg?resize=300%2C200&amp;ssl=1 300w, https:\/\/i0.wp.com\/www.cemf.fr\/lpem\/wp-content\/uploads\/2023\/11\/Prix_enseignement_musical_2023_23CD1126CEMF_0422-5.jpg?resize=768%2C512&amp;ssl=1 768w\" sizes=\"(max-width: 1000px) 100vw, 1000px\" \/><figcaption class=\"wp-block-jetpack-slideshow_caption gallery-caption\">Prix de l&rsquo;Enseignement Musical 2023. CEMF. Paris, 26\/11\/2023. Photo Caroline Doutre<\/figcaption><\/figure><\/li><li class=\"wp-block-jetpack-slideshow_slide swiper-slide\"><figure><img data-recalc-dims=\"1\" loading=\"lazy\" decoding=\"async\" width=\"1024\" height=\"682\" alt=\"\" class=\"wp-block-jetpack-slideshow_image wp-image-1411\" data-id=\"1411\" src=\"https:\/\/i0.wp.com\/www.cemf.fr\/lpem\/wp-content\/uploads\/2023\/11\/Prix_enseignement_musical_2023_23CD1126CEMF_0429-5.jpg?resize=1024%2C682&#038;ssl=1\" srcset=\"https:\/\/i0.wp.com\/www.cemf.fr\/lpem\/wp-content\/uploads\/2023\/11\/Prix_enseignement_musical_2023_23CD1126CEMF_0429-5.jpg?w=1024&amp;ssl=1 1024w, https:\/\/i0.wp.com\/www.cemf.fr\/lpem\/wp-content\/uploads\/2023\/11\/Prix_enseignement_musical_2023_23CD1126CEMF_0429-5.jpg?resize=300%2C200&amp;ssl=1 300w, https:\/\/i0.wp.com\/www.cemf.fr\/lpem\/wp-content\/uploads\/2023\/11\/Prix_enseignement_musical_2023_23CD1126CEMF_0429-5.jpg?resize=768%2C512&amp;ssl=1 768w\" sizes=\"(max-width: 1000px) 100vw, 1000px\" \/><figcaption class=\"wp-block-jetpack-slideshow_caption gallery-caption\">Prix de l&rsquo;Enseignement Musical 2023. CEMF. Paris, 26\/11\/2023. Photo Caroline Doutre<\/figcaption><\/figure><\/li><li class=\"wp-block-jetpack-slideshow_slide swiper-slide\"><figure><img data-recalc-dims=\"1\" loading=\"lazy\" decoding=\"async\" width=\"683\" height=\"1024\" alt=\"\" class=\"wp-block-jetpack-slideshow_image wp-image-1412\" data-id=\"1412\" src=\"https:\/\/i0.wp.com\/www.cemf.fr\/lpem\/wp-content\/uploads\/2023\/11\/Prix_enseignement_musical_2023_23CD1126CEMF_0455-5.jpg?resize=683%2C1024&#038;ssl=1\" srcset=\"https:\/\/i0.wp.com\/www.cemf.fr\/lpem\/wp-content\/uploads\/2023\/11\/Prix_enseignement_musical_2023_23CD1126CEMF_0455-5.jpg?resize=683%2C1024&amp;ssl=1 683w, https:\/\/i0.wp.com\/www.cemf.fr\/lpem\/wp-content\/uploads\/2023\/11\/Prix_enseignement_musical_2023_23CD1126CEMF_0455-5.jpg?resize=200%2C300&amp;ssl=1 200w, https:\/\/i0.wp.com\/www.cemf.fr\/lpem\/wp-content\/uploads\/2023\/11\/Prix_enseignement_musical_2023_23CD1126CEMF_0455-5.jpg?resize=768%2C1152&amp;ssl=1 768w, https:\/\/i0.wp.com\/www.cemf.fr\/lpem\/wp-content\/uploads\/2023\/11\/Prix_enseignement_musical_2023_23CD1126CEMF_0455-5.jpg?w=1024&amp;ssl=1 1024w\" sizes=\"(max-width: 683px) 100vw, 683px\" \/><figcaption class=\"wp-block-jetpack-slideshow_caption gallery-caption\">Prix de l&rsquo;Enseignement Musical 2023. CEMF. Paris, 26\/11\/2023. Photo Caroline Doutre<\/figcaption><\/figure><\/li><li class=\"wp-block-jetpack-slideshow_slide swiper-slide\"><figure><img data-recalc-dims=\"1\" loading=\"lazy\" decoding=\"async\" width=\"1024\" height=\"682\" alt=\"\" class=\"wp-block-jetpack-slideshow_image wp-image-1413\" data-id=\"1413\" src=\"https:\/\/i0.wp.com\/www.cemf.fr\/lpem\/wp-content\/uploads\/2023\/11\/Prix_enseignement_musical_2023_23CD1126CEMF_0466-5.jpg?resize=1024%2C682&#038;ssl=1\" srcset=\"https:\/\/i0.wp.com\/www.cemf.fr\/lpem\/wp-content\/uploads\/2023\/11\/Prix_enseignement_musical_2023_23CD1126CEMF_0466-5.jpg?w=1024&amp;ssl=1 1024w, https:\/\/i0.wp.com\/www.cemf.fr\/lpem\/wp-content\/uploads\/2023\/11\/Prix_enseignement_musical_2023_23CD1126CEMF_0466-5.jpg?resize=300%2C200&amp;ssl=1 300w, https:\/\/i0.wp.com\/www.cemf.fr\/lpem\/wp-content\/uploads\/2023\/11\/Prix_enseignement_musical_2023_23CD1126CEMF_0466-5.jpg?resize=768%2C512&amp;ssl=1 768w\" sizes=\"(max-width: 1000px) 100vw, 1000px\" \/><figcaption class=\"wp-block-jetpack-slideshow_caption gallery-caption\">Prix de l&rsquo;Enseignement Musical 2023. CEMF. Paris, 26\/11\/2023. Photo Caroline Doutre<\/figcaption><\/figure><\/li><li class=\"wp-block-jetpack-slideshow_slide swiper-slide\"><figure><img data-recalc-dims=\"1\" loading=\"lazy\" decoding=\"async\" width=\"1024\" height=\"682\" alt=\"\" class=\"wp-block-jetpack-slideshow_image wp-image-1414\" data-id=\"1414\" src=\"https:\/\/i0.wp.com\/www.cemf.fr\/lpem\/wp-content\/uploads\/2023\/11\/Prix_enseignement_musical_2023_23CD1126CEMF_0473-5.jpg?resize=1024%2C682&#038;ssl=1\" srcset=\"https:\/\/i0.wp.com\/www.cemf.fr\/lpem\/wp-content\/uploads\/2023\/11\/Prix_enseignement_musical_2023_23CD1126CEMF_0473-5.jpg?w=1024&amp;ssl=1 1024w, https:\/\/i0.wp.com\/www.cemf.fr\/lpem\/wp-content\/uploads\/2023\/11\/Prix_enseignement_musical_2023_23CD1126CEMF_0473-5.jpg?resize=300%2C200&amp;ssl=1 300w, https:\/\/i0.wp.com\/www.cemf.fr\/lpem\/wp-content\/uploads\/2023\/11\/Prix_enseignement_musical_2023_23CD1126CEMF_0473-5.jpg?resize=768%2C512&amp;ssl=1 768w\" sizes=\"(max-width: 1000px) 100vw, 1000px\" \/><figcaption class=\"wp-block-jetpack-slideshow_caption gallery-caption\">Prix de l&rsquo;Enseignement Musical 2023. CEMF. Paris, 26\/11\/2023. Photo Caroline Doutre<\/figcaption><\/figure><\/li><li class=\"wp-block-jetpack-slideshow_slide swiper-slide\"><figure><img data-recalc-dims=\"1\" loading=\"lazy\" decoding=\"async\" width=\"1024\" height=\"682\" alt=\"\" class=\"wp-block-jetpack-slideshow_image wp-image-1415\" data-id=\"1415\" src=\"https:\/\/i0.wp.com\/www.cemf.fr\/lpem\/wp-content\/uploads\/2023\/11\/Prix_enseignement_musical_2023_23CD1126CEMF_0475-5.jpg?resize=1024%2C682&#038;ssl=1\" srcset=\"https:\/\/i0.wp.com\/www.cemf.fr\/lpem\/wp-content\/uploads\/2023\/11\/Prix_enseignement_musical_2023_23CD1126CEMF_0475-5.jpg?w=1024&amp;ssl=1 1024w, https:\/\/i0.wp.com\/www.cemf.fr\/lpem\/wp-content\/uploads\/2023\/11\/Prix_enseignement_musical_2023_23CD1126CEMF_0475-5.jpg?resize=300%2C200&amp;ssl=1 300w, https:\/\/i0.wp.com\/www.cemf.fr\/lpem\/wp-content\/uploads\/2023\/11\/Prix_enseignement_musical_2023_23CD1126CEMF_0475-5.jpg?resize=768%2C512&amp;ssl=1 768w\" sizes=\"(max-width: 1000px) 100vw, 1000px\" \/><figcaption class=\"wp-block-jetpack-slideshow_caption gallery-caption\">Prix de l&rsquo;Enseignement Musical 2023. CEMF. Paris, 26\/11\/2023. Photo Caroline Doutre<\/figcaption><\/figure><\/li><li class=\"wp-block-jetpack-slideshow_slide swiper-slide\"><figure><img data-recalc-dims=\"1\" loading=\"lazy\" decoding=\"async\" width=\"1024\" height=\"682\" alt=\"\" class=\"wp-block-jetpack-slideshow_image wp-image-1416\" data-id=\"1416\" src=\"https:\/\/i0.wp.com\/www.cemf.fr\/lpem\/wp-content\/uploads\/2023\/11\/Prix_enseignement_musical_2023_23CD1126CEMF_0498-5.jpg?resize=1024%2C682&#038;ssl=1\" srcset=\"https:\/\/i0.wp.com\/www.cemf.fr\/lpem\/wp-content\/uploads\/2023\/11\/Prix_enseignement_musical_2023_23CD1126CEMF_0498-5.jpg?w=1024&amp;ssl=1 1024w, https:\/\/i0.wp.com\/www.cemf.fr\/lpem\/wp-content\/uploads\/2023\/11\/Prix_enseignement_musical_2023_23CD1126CEMF_0498-5.jpg?resize=300%2C200&amp;ssl=1 300w, https:\/\/i0.wp.com\/www.cemf.fr\/lpem\/wp-content\/uploads\/2023\/11\/Prix_enseignement_musical_2023_23CD1126CEMF_0498-5.jpg?resize=768%2C512&amp;ssl=1 768w\" sizes=\"(max-width: 1000px) 100vw, 1000px\" \/><figcaption class=\"wp-block-jetpack-slideshow_caption gallery-caption\">Prix de l&rsquo;Enseignement Musical 2023. CEMF. Paris, 26\/11\/2023. Photo Caroline Doutre<\/figcaption><\/figure><\/li><li class=\"wp-block-jetpack-slideshow_slide swiper-slide\"><figure><img data-recalc-dims=\"1\" loading=\"lazy\" decoding=\"async\" width=\"1024\" height=\"682\" alt=\"\" class=\"wp-block-jetpack-slideshow_image wp-image-1417\" data-id=\"1417\" src=\"https:\/\/i0.wp.com\/www.cemf.fr\/lpem\/wp-content\/uploads\/2023\/11\/Prix_enseignement_musical_2023_23CD1126CEMF_0548-5.jpg?resize=1024%2C682&#038;ssl=1\" srcset=\"https:\/\/i0.wp.com\/www.cemf.fr\/lpem\/wp-content\/uploads\/2023\/11\/Prix_enseignement_musical_2023_23CD1126CEMF_0548-5.jpg?w=1024&amp;ssl=1 1024w, https:\/\/i0.wp.com\/www.cemf.fr\/lpem\/wp-content\/uploads\/2023\/11\/Prix_enseignement_musical_2023_23CD1126CEMF_0548-5.jpg?resize=300%2C200&amp;ssl=1 300w, https:\/\/i0.wp.com\/www.cemf.fr\/lpem\/wp-content\/uploads\/2023\/11\/Prix_enseignement_musical_2023_23CD1126CEMF_0548-5.jpg?resize=768%2C512&amp;ssl=1 768w\" sizes=\"(max-width: 1000px) 100vw, 1000px\" \/><figcaption class=\"wp-block-jetpack-slideshow_caption gallery-caption\">Prix de l&rsquo;Enseignement Musical 2023. CEMF. Paris, 26\/11\/2023. Photo Caroline Doutre<\/figcaption><\/figure><\/li><li class=\"wp-block-jetpack-slideshow_slide swiper-slide\"><figure><img data-recalc-dims=\"1\" loading=\"lazy\" decoding=\"async\" width=\"1024\" height=\"682\" alt=\"\" class=\"wp-block-jetpack-slideshow_image wp-image-1418\" data-id=\"1418\" src=\"https:\/\/i0.wp.com\/www.cemf.fr\/lpem\/wp-content\/uploads\/2023\/11\/Prix_enseignement_musical_2023_23CD1126CEMF_0553-5.jpg?resize=1024%2C682&#038;ssl=1\" srcset=\"https:\/\/i0.wp.com\/www.cemf.fr\/lpem\/wp-content\/uploads\/2023\/11\/Prix_enseignement_musical_2023_23CD1126CEMF_0553-5.jpg?w=1024&amp;ssl=1 1024w, https:\/\/i0.wp.com\/www.cemf.fr\/lpem\/wp-content\/uploads\/2023\/11\/Prix_enseignement_musical_2023_23CD1126CEMF_0553-5.jpg?resize=300%2C200&amp;ssl=1 300w, https:\/\/i0.wp.com\/www.cemf.fr\/lpem\/wp-content\/uploads\/2023\/11\/Prix_enseignement_musical_2023_23CD1126CEMF_0553-5.jpg?resize=768%2C512&amp;ssl=1 768w\" sizes=\"(max-width: 1000px) 100vw, 1000px\" \/><figcaption class=\"wp-block-jetpack-slideshow_caption gallery-caption\">Prix de l&rsquo;Enseignement Musical 2023. CEMF. Paris, 26\/11\/2023. Photo Caroline Doutre<\/figcaption><\/figure><\/li><li class=\"wp-block-jetpack-slideshow_slide swiper-slide\"><figure><img data-recalc-dims=\"1\" loading=\"lazy\" decoding=\"async\" width=\"1024\" height=\"682\" alt=\"\" class=\"wp-block-jetpack-slideshow_image wp-image-1419\" data-id=\"1419\" src=\"https:\/\/i0.wp.com\/www.cemf.fr\/lpem\/wp-content\/uploads\/2023\/11\/Prix_enseignement_musical_2023_23CD1126CEMF_0584-5.jpg?resize=1024%2C682&#038;ssl=1\" srcset=\"https:\/\/i0.wp.com\/www.cemf.fr\/lpem\/wp-content\/uploads\/2023\/11\/Prix_enseignement_musical_2023_23CD1126CEMF_0584-5.jpg?w=1024&amp;ssl=1 1024w, https:\/\/i0.wp.com\/www.cemf.fr\/lpem\/wp-content\/uploads\/2023\/11\/Prix_enseignement_musical_2023_23CD1126CEMF_0584-5.jpg?resize=300%2C200&amp;ssl=1 300w, https:\/\/i0.wp.com\/www.cemf.fr\/lpem\/wp-content\/uploads\/2023\/11\/Prix_enseignement_musical_2023_23CD1126CEMF_0584-5.jpg?resize=768%2C512&amp;ssl=1 768w\" sizes=\"(max-width: 1000px) 100vw, 1000px\" \/><figcaption class=\"wp-block-jetpack-slideshow_caption gallery-caption\">Prix de l&rsquo;Enseignement Musical 2023. CEMF. Paris, 26\/11\/2023. Photo Caroline Doutre<\/figcaption><\/figure><\/li><li class=\"wp-block-jetpack-slideshow_slide swiper-slide\"><figure><img data-recalc-dims=\"1\" loading=\"lazy\" decoding=\"async\" width=\"1024\" height=\"682\" alt=\"\" class=\"wp-block-jetpack-slideshow_image wp-image-1420\" data-id=\"1420\" src=\"https:\/\/i0.wp.com\/www.cemf.fr\/lpem\/wp-content\/uploads\/2023\/11\/Prix_enseignement_musical_2023_23CD1126CEMF_0616-5.jpg?resize=1024%2C682&#038;ssl=1\" srcset=\"https:\/\/i0.wp.com\/www.cemf.fr\/lpem\/wp-content\/uploads\/2023\/11\/Prix_enseignement_musical_2023_23CD1126CEMF_0616-5.jpg?w=1024&amp;ssl=1 1024w, https:\/\/i0.wp.com\/www.cemf.fr\/lpem\/wp-content\/uploads\/2023\/11\/Prix_enseignement_musical_2023_23CD1126CEMF_0616-5.jpg?resize=300%2C200&amp;ssl=1 300w, https:\/\/i0.wp.com\/www.cemf.fr\/lpem\/wp-content\/uploads\/2023\/11\/Prix_enseignement_musical_2023_23CD1126CEMF_0616-5.jpg?resize=768%2C512&amp;ssl=1 768w\" sizes=\"(max-width: 1000px) 100vw, 1000px\" \/><figcaption class=\"wp-block-jetpack-slideshow_caption gallery-caption\">Prix de l&rsquo;Enseignement Musical 2023. CEMF. Paris, 26\/11\/2023. Photo Caroline Doutre<\/figcaption><\/figure><\/li><li class=\"wp-block-jetpack-slideshow_slide swiper-slide\"><figure><img data-recalc-dims=\"1\" loading=\"lazy\" decoding=\"async\" width=\"1024\" height=\"682\" alt=\"\" class=\"wp-block-jetpack-slideshow_image wp-image-1421\" data-id=\"1421\" src=\"https:\/\/i0.wp.com\/www.cemf.fr\/lpem\/wp-content\/uploads\/2023\/11\/Prix_enseignement_musical_2023_23CD1126CEMF_0633-4.jpg?resize=1024%2C682&#038;ssl=1\" srcset=\"https:\/\/i0.wp.com\/www.cemf.fr\/lpem\/wp-content\/uploads\/2023\/11\/Prix_enseignement_musical_2023_23CD1126CEMF_0633-4.jpg?w=1024&amp;ssl=1 1024w, https:\/\/i0.wp.com\/www.cemf.fr\/lpem\/wp-content\/uploads\/2023\/11\/Prix_enseignement_musical_2023_23CD1126CEMF_0633-4.jpg?resize=300%2C200&amp;ssl=1 300w, https:\/\/i0.wp.com\/www.cemf.fr\/lpem\/wp-content\/uploads\/2023\/11\/Prix_enseignement_musical_2023_23CD1126CEMF_0633-4.jpg?resize=768%2C512&amp;ssl=1 768w\" sizes=\"(max-width: 1000px) 100vw, 1000px\" \/><figcaption class=\"wp-block-jetpack-slideshow_caption gallery-caption\">Prix de l&rsquo;Enseignement Musical 2023. CEMF. Paris, 26\/11\/2023. Photo Caroline Doutre<\/figcaption><\/figure><\/li><li class=\"wp-block-jetpack-slideshow_slide swiper-slide\"><figure><img data-recalc-dims=\"1\" loading=\"lazy\" decoding=\"async\" width=\"1024\" height=\"682\" alt=\"\" class=\"wp-block-jetpack-slideshow_image wp-image-1422\" data-id=\"1422\" src=\"https:\/\/i0.wp.com\/www.cemf.fr\/lpem\/wp-content\/uploads\/2023\/11\/Prix_enseignement_musical_2023_23CD1126CEMF_0667-4.jpg?resize=1024%2C682&#038;ssl=1\" srcset=\"https:\/\/i0.wp.com\/www.cemf.fr\/lpem\/wp-content\/uploads\/2023\/11\/Prix_enseignement_musical_2023_23CD1126CEMF_0667-4.jpg?w=1024&amp;ssl=1 1024w, https:\/\/i0.wp.com\/www.cemf.fr\/lpem\/wp-content\/uploads\/2023\/11\/Prix_enseignement_musical_2023_23CD1126CEMF_0667-4.jpg?resize=300%2C200&amp;ssl=1 300w, https:\/\/i0.wp.com\/www.cemf.fr\/lpem\/wp-content\/uploads\/2023\/11\/Prix_enseignement_musical_2023_23CD1126CEMF_0667-4.jpg?resize=768%2C512&amp;ssl=1 768w\" sizes=\"(max-width: 1000px) 100vw, 1000px\" \/><figcaption class=\"wp-block-jetpack-slideshow_caption gallery-caption\">Prix de l&rsquo;Enseignement Musical 2023. CEMF. Paris, 26\/11\/2023. Photo Caroline Doutre<\/figcaption><\/figure><\/li><li class=\"wp-block-jetpack-slideshow_slide swiper-slide\"><figure><img data-recalc-dims=\"1\" loading=\"lazy\" decoding=\"async\" width=\"1024\" height=\"682\" alt=\"\" class=\"wp-block-jetpack-slideshow_image wp-image-1423\" data-id=\"1423\" src=\"https:\/\/i0.wp.com\/www.cemf.fr\/lpem\/wp-content\/uploads\/2023\/11\/Prix_enseignement_musical_2023_23CD1126CEMF_0671-4.jpg?resize=1024%2C682&#038;ssl=1\" srcset=\"https:\/\/i0.wp.com\/www.cemf.fr\/lpem\/wp-content\/uploads\/2023\/11\/Prix_enseignement_musical_2023_23CD1126CEMF_0671-4.jpg?w=1024&amp;ssl=1 1024w, https:\/\/i0.wp.com\/www.cemf.fr\/lpem\/wp-content\/uploads\/2023\/11\/Prix_enseignement_musical_2023_23CD1126CEMF_0671-4.jpg?resize=300%2C200&amp;ssl=1 300w, https:\/\/i0.wp.com\/www.cemf.fr\/lpem\/wp-content\/uploads\/2023\/11\/Prix_enseignement_musical_2023_23CD1126CEMF_0671-4.jpg?resize=768%2C512&amp;ssl=1 768w\" sizes=\"(max-width: 1000px) 100vw, 1000px\" \/><figcaption class=\"wp-block-jetpack-slideshow_caption gallery-caption\">Prix de l&rsquo;Enseignement Musical 2023. CEMF. Paris, 26\/11\/2023. Photo Caroline Doutre<\/figcaption><\/figure><\/li><li class=\"wp-block-jetpack-slideshow_slide swiper-slide\"><figure><img data-recalc-dims=\"1\" loading=\"lazy\" decoding=\"async\" width=\"1024\" height=\"682\" alt=\"\" class=\"wp-block-jetpack-slideshow_image wp-image-1424\" data-id=\"1424\" src=\"https:\/\/i0.wp.com\/www.cemf.fr\/lpem\/wp-content\/uploads\/2023\/11\/Prix_enseignement_musical_2023_23CD1126CEMF_0688-4.jpg?resize=1024%2C682&#038;ssl=1\" srcset=\"https:\/\/i0.wp.com\/www.cemf.fr\/lpem\/wp-content\/uploads\/2023\/11\/Prix_enseignement_musical_2023_23CD1126CEMF_0688-4.jpg?w=1024&amp;ssl=1 1024w, https:\/\/i0.wp.com\/www.cemf.fr\/lpem\/wp-content\/uploads\/2023\/11\/Prix_enseignement_musical_2023_23CD1126CEMF_0688-4.jpg?resize=300%2C200&amp;ssl=1 300w, https:\/\/i0.wp.com\/www.cemf.fr\/lpem\/wp-content\/uploads\/2023\/11\/Prix_enseignement_musical_2023_23CD1126CEMF_0688-4.jpg?resize=768%2C512&amp;ssl=1 768w\" sizes=\"(max-width: 1000px) 100vw, 1000px\" \/><figcaption class=\"wp-block-jetpack-slideshow_caption gallery-caption\">Prix de l&rsquo;Enseignement Musical 2023. CEMF. Paris, 26\/11\/2023. Photo Caroline Doutre<\/figcaption><\/figure><\/li><li class=\"wp-block-jetpack-slideshow_slide swiper-slide\"><figure><img data-recalc-dims=\"1\" loading=\"lazy\" decoding=\"async\" width=\"1024\" height=\"682\" alt=\"\" class=\"wp-block-jetpack-slideshow_image wp-image-1425\" data-id=\"1425\" src=\"https:\/\/i0.wp.com\/www.cemf.fr\/lpem\/wp-content\/uploads\/2023\/11\/Prix_enseignement_musical_2023_23CD1126CEMF_0708-4.jpg?resize=1024%2C682&#038;ssl=1\" srcset=\"https:\/\/i0.wp.com\/www.cemf.fr\/lpem\/wp-content\/uploads\/2023\/11\/Prix_enseignement_musical_2023_23CD1126CEMF_0708-4.jpg?w=1024&amp;ssl=1 1024w, https:\/\/i0.wp.com\/www.cemf.fr\/lpem\/wp-content\/uploads\/2023\/11\/Prix_enseignement_musical_2023_23CD1126CEMF_0708-4.jpg?resize=300%2C200&amp;ssl=1 300w, https:\/\/i0.wp.com\/www.cemf.fr\/lpem\/wp-content\/uploads\/2023\/11\/Prix_enseignement_musical_2023_23CD1126CEMF_0708-4.jpg?resize=768%2C512&amp;ssl=1 768w\" sizes=\"(max-width: 1000px) 100vw, 1000px\" \/><figcaption class=\"wp-block-jetpack-slideshow_caption gallery-caption\">Prix de l&rsquo;Enseignement Musical 2023. CEMF. Paris, 26\/11\/2023. Photo Caroline Doutre<\/figcaption><\/figure><\/li><li class=\"wp-block-jetpack-slideshow_slide swiper-slide\"><figure><img data-recalc-dims=\"1\" loading=\"lazy\" decoding=\"async\" width=\"1024\" height=\"682\" alt=\"\" class=\"wp-block-jetpack-slideshow_image wp-image-1426\" data-id=\"1426\" src=\"https:\/\/i0.wp.com\/www.cemf.fr\/lpem\/wp-content\/uploads\/2023\/11\/Prix_enseignement_musical_2023_23CD1126CEMF_0728-4.jpg?resize=1024%2C682&#038;ssl=1\" srcset=\"https:\/\/i0.wp.com\/www.cemf.fr\/lpem\/wp-content\/uploads\/2023\/11\/Prix_enseignement_musical_2023_23CD1126CEMF_0728-4.jpg?w=1024&amp;ssl=1 1024w, https:\/\/i0.wp.com\/www.cemf.fr\/lpem\/wp-content\/uploads\/2023\/11\/Prix_enseignement_musical_2023_23CD1126CEMF_0728-4.jpg?resize=300%2C200&amp;ssl=1 300w, https:\/\/i0.wp.com\/www.cemf.fr\/lpem\/wp-content\/uploads\/2023\/11\/Prix_enseignement_musical_2023_23CD1126CEMF_0728-4.jpg?resize=768%2C512&amp;ssl=1 768w\" sizes=\"(max-width: 1000px) 100vw, 1000px\" \/><figcaption class=\"wp-block-jetpack-slideshow_caption gallery-caption\">Prix de l&rsquo;Enseignement Musical 2023. CEMF. Paris, 26\/11\/2023. Photo Caroline Doutre<\/figcaption><\/figure><\/li><li class=\"wp-block-jetpack-slideshow_slide swiper-slide\"><figure><img data-recalc-dims=\"1\" loading=\"lazy\" decoding=\"async\" width=\"1024\" height=\"682\" alt=\"\" class=\"wp-block-jetpack-slideshow_image wp-image-1427\" data-id=\"1427\" src=\"https:\/\/i0.wp.com\/www.cemf.fr\/lpem\/wp-content\/uploads\/2023\/11\/Prix_enseignement_musical_2023_23CD1126CEMF_0744-4.jpg?resize=1024%2C682&#038;ssl=1\" srcset=\"https:\/\/i0.wp.com\/www.cemf.fr\/lpem\/wp-content\/uploads\/2023\/11\/Prix_enseignement_musical_2023_23CD1126CEMF_0744-4.jpg?w=1024&amp;ssl=1 1024w, https:\/\/i0.wp.com\/www.cemf.fr\/lpem\/wp-content\/uploads\/2023\/11\/Prix_enseignement_musical_2023_23CD1126CEMF_0744-4.jpg?resize=300%2C200&amp;ssl=1 300w, https:\/\/i0.wp.com\/www.cemf.fr\/lpem\/wp-content\/uploads\/2023\/11\/Prix_enseignement_musical_2023_23CD1126CEMF_0744-4.jpg?resize=768%2C512&amp;ssl=1 768w\" sizes=\"(max-width: 1000px) 100vw, 1000px\" \/><figcaption class=\"wp-block-jetpack-slideshow_caption gallery-caption\">Prix de l&rsquo;Enseignement Musical 2023. CEMF. Paris, 26\/11\/2023. Photo Caroline Doutre<\/figcaption><\/figure><\/li><li class=\"wp-block-jetpack-slideshow_slide swiper-slide\"><figure><img data-recalc-dims=\"1\" loading=\"lazy\" decoding=\"async\" width=\"1024\" height=\"682\" alt=\"\" class=\"wp-block-jetpack-slideshow_image wp-image-1428\" data-id=\"1428\" src=\"https:\/\/i0.wp.com\/www.cemf.fr\/lpem\/wp-content\/uploads\/2023\/11\/Prix_enseignement_musical_2023_23CD1126CEMF_0760-4.jpg?resize=1024%2C682&#038;ssl=1\" srcset=\"https:\/\/i0.wp.com\/www.cemf.fr\/lpem\/wp-content\/uploads\/2023\/11\/Prix_enseignement_musical_2023_23CD1126CEMF_0760-4.jpg?w=1024&amp;ssl=1 1024w, https:\/\/i0.wp.com\/www.cemf.fr\/lpem\/wp-content\/uploads\/2023\/11\/Prix_enseignement_musical_2023_23CD1126CEMF_0760-4.jpg?resize=300%2C200&amp;ssl=1 300w, https:\/\/i0.wp.com\/www.cemf.fr\/lpem\/wp-content\/uploads\/2023\/11\/Prix_enseignement_musical_2023_23CD1126CEMF_0760-4.jpg?resize=768%2C512&amp;ssl=1 768w\" sizes=\"(max-width: 1000px) 100vw, 1000px\" \/><figcaption class=\"wp-block-jetpack-slideshow_caption gallery-caption\">Prix de l&rsquo;Enseignement Musical 2023. CEMF. Paris, 26\/11\/2023. Photo Caroline Doutre<\/figcaption><\/figure><\/li><li class=\"wp-block-jetpack-slideshow_slide swiper-slide\"><figure><img data-recalc-dims=\"1\" loading=\"lazy\" decoding=\"async\" width=\"1024\" height=\"682\" alt=\"\" class=\"wp-block-jetpack-slideshow_image wp-image-1429\" data-id=\"1429\" src=\"https:\/\/i0.wp.com\/www.cemf.fr\/lpem\/wp-content\/uploads\/2023\/11\/Prix_enseignement_musical_2023_23CD1126CEMF_0803-4.jpg?resize=1024%2C682&#038;ssl=1\" srcset=\"https:\/\/i0.wp.com\/www.cemf.fr\/lpem\/wp-content\/uploads\/2023\/11\/Prix_enseignement_musical_2023_23CD1126CEMF_0803-4.jpg?w=1024&amp;ssl=1 1024w, https:\/\/i0.wp.com\/www.cemf.fr\/lpem\/wp-content\/uploads\/2023\/11\/Prix_enseignement_musical_2023_23CD1126CEMF_0803-4.jpg?resize=300%2C200&amp;ssl=1 300w, https:\/\/i0.wp.com\/www.cemf.fr\/lpem\/wp-content\/uploads\/2023\/11\/Prix_enseignement_musical_2023_23CD1126CEMF_0803-4.jpg?resize=768%2C512&amp;ssl=1 768w\" sizes=\"(max-width: 1000px) 100vw, 1000px\" \/><figcaption class=\"wp-block-jetpack-slideshow_caption gallery-caption\">Prix de l&rsquo;Enseignement Musical 2023. CEMF. Paris, 26\/11\/2023. Photo Caroline Doutre<\/figcaption><\/figure><\/li><li class=\"wp-block-jetpack-slideshow_slide swiper-slide\"><figure><img data-recalc-dims=\"1\" loading=\"lazy\" decoding=\"async\" width=\"1024\" height=\"682\" alt=\"\" class=\"wp-block-jetpack-slideshow_image wp-image-1430\" data-id=\"1430\" src=\"https:\/\/i0.wp.com\/www.cemf.fr\/lpem\/wp-content\/uploads\/2023\/11\/Prix_enseignement_musical_2023_23CD1126CEMF_0807-4.jpg?resize=1024%2C682&#038;ssl=1\" srcset=\"https:\/\/i0.wp.com\/www.cemf.fr\/lpem\/wp-content\/uploads\/2023\/11\/Prix_enseignement_musical_2023_23CD1126CEMF_0807-4.jpg?w=1024&amp;ssl=1 1024w, https:\/\/i0.wp.com\/www.cemf.fr\/lpem\/wp-content\/uploads\/2023\/11\/Prix_enseignement_musical_2023_23CD1126CEMF_0807-4.jpg?resize=300%2C200&amp;ssl=1 300w, https:\/\/i0.wp.com\/www.cemf.fr\/lpem\/wp-content\/uploads\/2023\/11\/Prix_enseignement_musical_2023_23CD1126CEMF_0807-4.jpg?resize=768%2C512&amp;ssl=1 768w\" sizes=\"(max-width: 1000px) 100vw, 1000px\" \/><figcaption class=\"wp-block-jetpack-slideshow_caption gallery-caption\">Prix de l&rsquo;Enseignement Musical 2023. CEMF. Paris, 26\/11\/2023. Photo Caroline Doutre<\/figcaption><\/figure><\/li><li class=\"wp-block-jetpack-slideshow_slide swiper-slide\"><figure><img data-recalc-dims=\"1\" loading=\"lazy\" decoding=\"async\" width=\"1024\" height=\"682\" alt=\"\" class=\"wp-block-jetpack-slideshow_image wp-image-1431\" data-id=\"1431\" src=\"https:\/\/i0.wp.com\/www.cemf.fr\/lpem\/wp-content\/uploads\/2023\/11\/Prix_enseignement_musical_2023_23CD1126CEMF_0825-5.jpg?resize=1024%2C682&#038;ssl=1\" srcset=\"https:\/\/i0.wp.com\/www.cemf.fr\/lpem\/wp-content\/uploads\/2023\/11\/Prix_enseignement_musical_2023_23CD1126CEMF_0825-5.jpg?w=1024&amp;ssl=1 1024w, https:\/\/i0.wp.com\/www.cemf.fr\/lpem\/wp-content\/uploads\/2023\/11\/Prix_enseignement_musical_2023_23CD1126CEMF_0825-5.jpg?resize=300%2C200&amp;ssl=1 300w, https:\/\/i0.wp.com\/www.cemf.fr\/lpem\/wp-content\/uploads\/2023\/11\/Prix_enseignement_musical_2023_23CD1126CEMF_0825-5.jpg?resize=768%2C512&amp;ssl=1 768w\" sizes=\"(max-width: 1000px) 100vw, 1000px\" \/><figcaption class=\"wp-block-jetpack-slideshow_caption gallery-caption\">Prix de l&rsquo;Enseignement Musical 2023. CEMF. Paris, 26\/11\/2023. Photo Caroline Doutre<\/figcaption><\/figure><\/li><li class=\"wp-block-jetpack-slideshow_slide swiper-slide\"><figure><img data-recalc-dims=\"1\" loading=\"lazy\" decoding=\"async\" width=\"1024\" height=\"682\" alt=\"\" class=\"wp-block-jetpack-slideshow_image wp-image-1432\" data-id=\"1432\" src=\"https:\/\/i0.wp.com\/www.cemf.fr\/lpem\/wp-content\/uploads\/2023\/11\/Prix_enseignement_musical_2023_23CD1126CEMF_0837-4.jpg?resize=1024%2C682&#038;ssl=1\" srcset=\"https:\/\/i0.wp.com\/www.cemf.fr\/lpem\/wp-content\/uploads\/2023\/11\/Prix_enseignement_musical_2023_23CD1126CEMF_0837-4.jpg?w=1024&amp;ssl=1 1024w, https:\/\/i0.wp.com\/www.cemf.fr\/lpem\/wp-content\/uploads\/2023\/11\/Prix_enseignement_musical_2023_23CD1126CEMF_0837-4.jpg?resize=300%2C200&amp;ssl=1 300w, https:\/\/i0.wp.com\/www.cemf.fr\/lpem\/wp-content\/uploads\/2023\/11\/Prix_enseignement_musical_2023_23CD1126CEMF_0837-4.jpg?resize=768%2C512&amp;ssl=1 768w\" sizes=\"(max-width: 1000px) 100vw, 1000px\" \/><figcaption class=\"wp-block-jetpack-slideshow_caption gallery-caption\">Prix de l&rsquo;Enseignement Musical 2023. CEMF. Paris, 26\/11\/2023. Photo Caroline Doutre<\/figcaption><\/figure><\/li><li class=\"wp-block-jetpack-slideshow_slide swiper-slide\"><figure><img data-recalc-dims=\"1\" loading=\"lazy\" decoding=\"async\" width=\"1024\" height=\"682\" alt=\"\" class=\"wp-block-jetpack-slideshow_image wp-image-1433\" data-id=\"1433\" src=\"https:\/\/i0.wp.com\/www.cemf.fr\/lpem\/wp-content\/uploads\/2023\/11\/Prix_enseignement_musical_2023_23CD1126CEMF_0846-4.jpg?resize=1024%2C682&#038;ssl=1\" srcset=\"https:\/\/i0.wp.com\/www.cemf.fr\/lpem\/wp-content\/uploads\/2023\/11\/Prix_enseignement_musical_2023_23CD1126CEMF_0846-4.jpg?w=1024&amp;ssl=1 1024w, https:\/\/i0.wp.com\/www.cemf.fr\/lpem\/wp-content\/uploads\/2023\/11\/Prix_enseignement_musical_2023_23CD1126CEMF_0846-4.jpg?resize=300%2C200&amp;ssl=1 300w, https:\/\/i0.wp.com\/www.cemf.fr\/lpem\/wp-content\/uploads\/2023\/11\/Prix_enseignement_musical_2023_23CD1126CEMF_0846-4.jpg?resize=768%2C512&amp;ssl=1 768w\" sizes=\"(max-width: 1000px) 100vw, 1000px\" \/><figcaption class=\"wp-block-jetpack-slideshow_caption gallery-caption\">Prix de l&rsquo;Enseignement Musical 2023. CEMF. Paris, 26\/11\/2023. Photo Caroline Doutre<\/figcaption><\/figure><\/li><li class=\"wp-block-jetpack-slideshow_slide swiper-slide\"><figure><img data-recalc-dims=\"1\" loading=\"lazy\" decoding=\"async\" width=\"1024\" height=\"682\" alt=\"\" class=\"wp-block-jetpack-slideshow_image wp-image-1434\" data-id=\"1434\" src=\"https:\/\/i0.wp.com\/www.cemf.fr\/lpem\/wp-content\/uploads\/2023\/11\/Prix_enseignement_musical_2023_23CD1126CEMF_0853-4.jpg?resize=1024%2C682&#038;ssl=1\" srcset=\"https:\/\/i0.wp.com\/www.cemf.fr\/lpem\/wp-content\/uploads\/2023\/11\/Prix_enseignement_musical_2023_23CD1126CEMF_0853-4.jpg?w=1024&amp;ssl=1 1024w, https:\/\/i0.wp.com\/www.cemf.fr\/lpem\/wp-content\/uploads\/2023\/11\/Prix_enseignement_musical_2023_23CD1126CEMF_0853-4.jpg?resize=300%2C200&amp;ssl=1 300w, https:\/\/i0.wp.com\/www.cemf.fr\/lpem\/wp-content\/uploads\/2023\/11\/Prix_enseignement_musical_2023_23CD1126CEMF_0853-4.jpg?resize=768%2C512&amp;ssl=1 768w\" sizes=\"(max-width: 1000px) 100vw, 1000px\" \/><figcaption class=\"wp-block-jetpack-slideshow_caption gallery-caption\">Prix de l&rsquo;Enseignement Musical 2023. CEMF. Paris, 26\/11\/2023. Photo Caroline Doutre<\/figcaption><\/figure><\/li><li class=\"wp-block-jetpack-slideshow_slide swiper-slide\"><figure><img data-recalc-dims=\"1\" loading=\"lazy\" decoding=\"async\" width=\"1024\" height=\"682\" alt=\"\" class=\"wp-block-jetpack-slideshow_image wp-image-1435\" data-id=\"1435\" src=\"https:\/\/i0.wp.com\/www.cemf.fr\/lpem\/wp-content\/uploads\/2023\/11\/Prix_enseignement_musical_2023_23CD1126CEMF_0864-4.jpg?resize=1024%2C682&#038;ssl=1\" srcset=\"https:\/\/i0.wp.com\/www.cemf.fr\/lpem\/wp-content\/uploads\/2023\/11\/Prix_enseignement_musical_2023_23CD1126CEMF_0864-4.jpg?w=1024&amp;ssl=1 1024w, https:\/\/i0.wp.com\/www.cemf.fr\/lpem\/wp-content\/uploads\/2023\/11\/Prix_enseignement_musical_2023_23CD1126CEMF_0864-4.jpg?resize=300%2C200&amp;ssl=1 300w, https:\/\/i0.wp.com\/www.cemf.fr\/lpem\/wp-content\/uploads\/2023\/11\/Prix_enseignement_musical_2023_23CD1126CEMF_0864-4.jpg?resize=768%2C512&amp;ssl=1 768w\" sizes=\"(max-width: 1000px) 100vw, 1000px\" \/><figcaption class=\"wp-block-jetpack-slideshow_caption gallery-caption\">Prix de l&rsquo;Enseignement Musical 2023. CEMF. Paris, 26\/11\/2023. Photo Caroline Doutre<\/figcaption><\/figure><\/li><li class=\"wp-block-jetpack-slideshow_slide swiper-slide\"><figure><img data-recalc-dims=\"1\" loading=\"lazy\" decoding=\"async\" width=\"1024\" height=\"682\" alt=\"\" class=\"wp-block-jetpack-slideshow_image wp-image-1436\" data-id=\"1436\" src=\"https:\/\/i0.wp.com\/www.cemf.fr\/lpem\/wp-content\/uploads\/2023\/11\/Prix_enseignement_musical_2023_23CD1126CEMF_0889-4.jpg?resize=1024%2C682&#038;ssl=1\" srcset=\"https:\/\/i0.wp.com\/www.cemf.fr\/lpem\/wp-content\/uploads\/2023\/11\/Prix_enseignement_musical_2023_23CD1126CEMF_0889-4.jpg?w=1024&amp;ssl=1 1024w, https:\/\/i0.wp.com\/www.cemf.fr\/lpem\/wp-content\/uploads\/2023\/11\/Prix_enseignement_musical_2023_23CD1126CEMF_0889-4.jpg?resize=300%2C200&amp;ssl=1 300w, https:\/\/i0.wp.com\/www.cemf.fr\/lpem\/wp-content\/uploads\/2023\/11\/Prix_enseignement_musical_2023_23CD1126CEMF_0889-4.jpg?resize=768%2C512&amp;ssl=1 768w\" sizes=\"(max-width: 1000px) 100vw, 1000px\" \/><figcaption class=\"wp-block-jetpack-slideshow_caption gallery-caption\">Prix de l&rsquo;Enseignement Musical 2023. CEMF. Paris, 26\/11\/2023. Photo Caroline Doutre<\/figcaption><\/figure><\/li><li class=\"wp-block-jetpack-slideshow_slide swiper-slide\"><figure><img data-recalc-dims=\"1\" loading=\"lazy\" decoding=\"async\" width=\"683\" height=\"1024\" alt=\"\" class=\"wp-block-jetpack-slideshow_image wp-image-1437\" data-id=\"1437\" src=\"https:\/\/i0.wp.com\/www.cemf.fr\/lpem\/wp-content\/uploads\/2023\/11\/Prix_enseignement_musical_2023_23CD1126CEMF_0897-4.jpg?resize=683%2C1024&#038;ssl=1\" srcset=\"https:\/\/i0.wp.com\/www.cemf.fr\/lpem\/wp-content\/uploads\/2023\/11\/Prix_enseignement_musical_2023_23CD1126CEMF_0897-4.jpg?resize=683%2C1024&amp;ssl=1 683w, https:\/\/i0.wp.com\/www.cemf.fr\/lpem\/wp-content\/uploads\/2023\/11\/Prix_enseignement_musical_2023_23CD1126CEMF_0897-4.jpg?resize=200%2C300&amp;ssl=1 200w, https:\/\/i0.wp.com\/www.cemf.fr\/lpem\/wp-content\/uploads\/2023\/11\/Prix_enseignement_musical_2023_23CD1126CEMF_0897-4.jpg?resize=768%2C1152&amp;ssl=1 768w, https:\/\/i0.wp.com\/www.cemf.fr\/lpem\/wp-content\/uploads\/2023\/11\/Prix_enseignement_musical_2023_23CD1126CEMF_0897-4.jpg?w=1024&amp;ssl=1 1024w\" sizes=\"(max-width: 683px) 100vw, 683px\" \/><figcaption class=\"wp-block-jetpack-slideshow_caption gallery-caption\">Prix de l&rsquo;Enseignement Musical 2023. CEMF. Paris, 26\/11\/2023. Photo Caroline Doutre<\/figcaption><\/figure><\/li><li class=\"wp-block-jetpack-slideshow_slide swiper-slide\"><figure><img data-recalc-dims=\"1\" loading=\"lazy\" decoding=\"async\" width=\"1024\" height=\"682\" alt=\"\" class=\"wp-block-jetpack-slideshow_image wp-image-1438\" data-id=\"1438\" src=\"https:\/\/i0.wp.com\/www.cemf.fr\/lpem\/wp-content\/uploads\/2023\/11\/Prix_enseignement_musical_2023_23CD1126CEMF_0908-4.jpg?resize=1024%2C682&#038;ssl=1\" srcset=\"https:\/\/i0.wp.com\/www.cemf.fr\/lpem\/wp-content\/uploads\/2023\/11\/Prix_enseignement_musical_2023_23CD1126CEMF_0908-4.jpg?w=1024&amp;ssl=1 1024w, https:\/\/i0.wp.com\/www.cemf.fr\/lpem\/wp-content\/uploads\/2023\/11\/Prix_enseignement_musical_2023_23CD1126CEMF_0908-4.jpg?resize=300%2C200&amp;ssl=1 300w, https:\/\/i0.wp.com\/www.cemf.fr\/lpem\/wp-content\/uploads\/2023\/11\/Prix_enseignement_musical_2023_23CD1126CEMF_0908-4.jpg?resize=768%2C512&amp;ssl=1 768w\" sizes=\"(max-width: 1000px) 100vw, 1000px\" \/><figcaption class=\"wp-block-jetpack-slideshow_caption gallery-caption\">Prix de l&rsquo;Enseignement Musical 2023. CEMF. Paris, 26\/11\/2023. Photo Caroline Doutre<\/figcaption><\/figure><\/li><li class=\"wp-block-jetpack-slideshow_slide swiper-slide\"><figure><img data-recalc-dims=\"1\" loading=\"lazy\" decoding=\"async\" width=\"1024\" height=\"682\" alt=\"\" class=\"wp-block-jetpack-slideshow_image wp-image-1439\" data-id=\"1439\" src=\"https:\/\/i0.wp.com\/www.cemf.fr\/lpem\/wp-content\/uploads\/2023\/11\/Prix_enseignement_musical_2023_23CD1126CEMF_0934-4.jpg?resize=1024%2C682&#038;ssl=1\" srcset=\"https:\/\/i0.wp.com\/www.cemf.fr\/lpem\/wp-content\/uploads\/2023\/11\/Prix_enseignement_musical_2023_23CD1126CEMF_0934-4.jpg?w=1024&amp;ssl=1 1024w, https:\/\/i0.wp.com\/www.cemf.fr\/lpem\/wp-content\/uploads\/2023\/11\/Prix_enseignement_musical_2023_23CD1126CEMF_0934-4.jpg?resize=300%2C200&amp;ssl=1 300w, https:\/\/i0.wp.com\/www.cemf.fr\/lpem\/wp-content\/uploads\/2023\/11\/Prix_enseignement_musical_2023_23CD1126CEMF_0934-4.jpg?resize=768%2C512&amp;ssl=1 768w\" sizes=\"(max-width: 1000px) 100vw, 1000px\" \/><figcaption class=\"wp-block-jetpack-slideshow_caption gallery-caption\">Prix de l&rsquo;Enseignement Musical 2023. CEMF. Paris, 26\/11\/2023. Photo Caroline Doutre<\/figcaption><\/figure><\/li><li class=\"wp-block-jetpack-slideshow_slide swiper-slide\"><figure><img data-recalc-dims=\"1\" loading=\"lazy\" decoding=\"async\" width=\"1024\" height=\"682\" alt=\"\" class=\"wp-block-jetpack-slideshow_image wp-image-1440\" data-id=\"1440\" src=\"https:\/\/i0.wp.com\/www.cemf.fr\/lpem\/wp-content\/uploads\/2023\/11\/Prix_enseignement_musical_2023_23CD1126CEMF_0953-5.jpg?resize=1024%2C682&#038;ssl=1\" srcset=\"https:\/\/i0.wp.com\/www.cemf.fr\/lpem\/wp-content\/uploads\/2023\/11\/Prix_enseignement_musical_2023_23CD1126CEMF_0953-5.jpg?w=1024&amp;ssl=1 1024w, https:\/\/i0.wp.com\/www.cemf.fr\/lpem\/wp-content\/uploads\/2023\/11\/Prix_enseignement_musical_2023_23CD1126CEMF_0953-5.jpg?resize=300%2C200&amp;ssl=1 300w, https:\/\/i0.wp.com\/www.cemf.fr\/lpem\/wp-content\/uploads\/2023\/11\/Prix_enseignement_musical_2023_23CD1126CEMF_0953-5.jpg?resize=768%2C512&amp;ssl=1 768w\" sizes=\"(max-width: 1000px) 100vw, 1000px\" \/><figcaption class=\"wp-block-jetpack-slideshow_caption gallery-caption\">Prix de l&rsquo;Enseignement Musical 2023. CEMF. Paris, 26\/11\/2023. Photo Caroline Doutre<\/figcaption><\/figure><\/li><li class=\"wp-block-jetpack-slideshow_slide swiper-slide\"><figure><img data-recalc-dims=\"1\" loading=\"lazy\" decoding=\"async\" width=\"1024\" height=\"682\" alt=\"\" class=\"wp-block-jetpack-slideshow_image wp-image-1441\" data-id=\"1441\" src=\"https:\/\/i0.wp.com\/www.cemf.fr\/lpem\/wp-content\/uploads\/2023\/11\/Prix_enseignement_musical_2023_23CD1126CEMF_0971-4.jpg?resize=1024%2C682&#038;ssl=1\" srcset=\"https:\/\/i0.wp.com\/www.cemf.fr\/lpem\/wp-content\/uploads\/2023\/11\/Prix_enseignement_musical_2023_23CD1126CEMF_0971-4.jpg?w=1024&amp;ssl=1 1024w, https:\/\/i0.wp.com\/www.cemf.fr\/lpem\/wp-content\/uploads\/2023\/11\/Prix_enseignement_musical_2023_23CD1126CEMF_0971-4.jpg?resize=300%2C200&amp;ssl=1 300w, https:\/\/i0.wp.com\/www.cemf.fr\/lpem\/wp-content\/uploads\/2023\/11\/Prix_enseignement_musical_2023_23CD1126CEMF_0971-4.jpg?resize=768%2C512&amp;ssl=1 768w\" sizes=\"(max-width: 1000px) 100vw, 1000px\" \/><figcaption class=\"wp-block-jetpack-slideshow_caption gallery-caption\">Prix de l&rsquo;Enseignement Musical 2023. CEMF. Paris, 26\/11\/2023. Photo Caroline Doutre<\/figcaption><\/figure><\/li><li class=\"wp-block-jetpack-slideshow_slide swiper-slide\"><figure><img data-recalc-dims=\"1\" loading=\"lazy\" decoding=\"async\" width=\"1024\" height=\"682\" alt=\"\" class=\"wp-block-jetpack-slideshow_image wp-image-1442\" data-id=\"1442\" src=\"https:\/\/i0.wp.com\/www.cemf.fr\/lpem\/wp-content\/uploads\/2023\/11\/Prix_enseignement_musical_2023_23CD1126CEMF_0985-4.jpg?resize=1024%2C682&#038;ssl=1\" srcset=\"https:\/\/i0.wp.com\/www.cemf.fr\/lpem\/wp-content\/uploads\/2023\/11\/Prix_enseignement_musical_2023_23CD1126CEMF_0985-4.jpg?w=1024&amp;ssl=1 1024w, https:\/\/i0.wp.com\/www.cemf.fr\/lpem\/wp-content\/uploads\/2023\/11\/Prix_enseignement_musical_2023_23CD1126CEMF_0985-4.jpg?resize=300%2C200&amp;ssl=1 300w, https:\/\/i0.wp.com\/www.cemf.fr\/lpem\/wp-content\/uploads\/2023\/11\/Prix_enseignement_musical_2023_23CD1126CEMF_0985-4.jpg?resize=768%2C512&amp;ssl=1 768w\" sizes=\"(max-width: 1000px) 100vw, 1000px\" \/><figcaption class=\"wp-block-jetpack-slideshow_caption gallery-caption\">Prix de l&rsquo;Enseignement Musical 2023. CEMF. Paris, 26\/11\/2023. Photo Caroline Doutre<\/figcaption><\/figure><\/li><li class=\"wp-block-jetpack-slideshow_slide swiper-slide\"><figure><img data-recalc-dims=\"1\" loading=\"lazy\" decoding=\"async\" width=\"1024\" height=\"682\" alt=\"\" class=\"wp-block-jetpack-slideshow_image wp-image-1443\" data-id=\"1443\" src=\"https:\/\/i0.wp.com\/www.cemf.fr\/lpem\/wp-content\/uploads\/2023\/11\/Prix_enseignement_musical_2023_23CD1126CEMF_0991-4.jpg?resize=1024%2C682&#038;ssl=1\" srcset=\"https:\/\/i0.wp.com\/www.cemf.fr\/lpem\/wp-content\/uploads\/2023\/11\/Prix_enseignement_musical_2023_23CD1126CEMF_0991-4.jpg?w=1024&amp;ssl=1 1024w, https:\/\/i0.wp.com\/www.cemf.fr\/lpem\/wp-content\/uploads\/2023\/11\/Prix_enseignement_musical_2023_23CD1126CEMF_0991-4.jpg?resize=300%2C200&amp;ssl=1 300w, https:\/\/i0.wp.com\/www.cemf.fr\/lpem\/wp-content\/uploads\/2023\/11\/Prix_enseignement_musical_2023_23CD1126CEMF_0991-4.jpg?resize=768%2C512&amp;ssl=1 768w\" sizes=\"(max-width: 1000px) 100vw, 1000px\" \/><figcaption class=\"wp-block-jetpack-slideshow_caption gallery-caption\">Prix de l&rsquo;Enseignement Musical 2023. CEMF. Paris, 26\/11\/2023. Photo Caroline Doutre<\/figcaption><\/figure><\/li><li class=\"wp-block-jetpack-slideshow_slide swiper-slide\"><figure><img data-recalc-dims=\"1\" loading=\"lazy\" decoding=\"async\" width=\"1024\" height=\"682\" alt=\"\" class=\"wp-block-jetpack-slideshow_image wp-image-1444\" data-id=\"1444\" src=\"https:\/\/i0.wp.com\/www.cemf.fr\/lpem\/wp-content\/uploads\/2023\/11\/Prix_enseignement_musical_2023_23CD1126CEMF_0994-4.jpg?resize=1024%2C682&#038;ssl=1\" srcset=\"https:\/\/i0.wp.com\/www.cemf.fr\/lpem\/wp-content\/uploads\/2023\/11\/Prix_enseignement_musical_2023_23CD1126CEMF_0994-4.jpg?w=1024&amp;ssl=1 1024w, https:\/\/i0.wp.com\/www.cemf.fr\/lpem\/wp-content\/uploads\/2023\/11\/Prix_enseignement_musical_2023_23CD1126CEMF_0994-4.jpg?resize=300%2C200&amp;ssl=1 300w, https:\/\/i0.wp.com\/www.cemf.fr\/lpem\/wp-content\/uploads\/2023\/11\/Prix_enseignement_musical_2023_23CD1126CEMF_0994-4.jpg?resize=768%2C512&amp;ssl=1 768w\" sizes=\"(max-width: 1000px) 100vw, 1000px\" \/><figcaption class=\"wp-block-jetpack-slideshow_caption gallery-caption\">Prix de l&rsquo;Enseignement Musical 2023. CEMF. Paris, 26\/11\/2023. Photo Caroline Doutre<\/figcaption><\/figure><\/li><li class=\"wp-block-jetpack-slideshow_slide swiper-slide\"><figure><img data-recalc-dims=\"1\" loading=\"lazy\" decoding=\"async\" width=\"1024\" height=\"682\" alt=\"\" class=\"wp-block-jetpack-slideshow_image wp-image-1445\" data-id=\"1445\" src=\"https:\/\/i0.wp.com\/www.cemf.fr\/lpem\/wp-content\/uploads\/2023\/11\/Prix_enseignement_musical_2023_23CD1126CEMF_1025-4.jpg?resize=1024%2C682&#038;ssl=1\" srcset=\"https:\/\/i0.wp.com\/www.cemf.fr\/lpem\/wp-content\/uploads\/2023\/11\/Prix_enseignement_musical_2023_23CD1126CEMF_1025-4.jpg?w=1024&amp;ssl=1 1024w, https:\/\/i0.wp.com\/www.cemf.fr\/lpem\/wp-content\/uploads\/2023\/11\/Prix_enseignement_musical_2023_23CD1126CEMF_1025-4.jpg?resize=300%2C200&amp;ssl=1 300w, https:\/\/i0.wp.com\/www.cemf.fr\/lpem\/wp-content\/uploads\/2023\/11\/Prix_enseignement_musical_2023_23CD1126CEMF_1025-4.jpg?resize=768%2C512&amp;ssl=1 768w\" sizes=\"(max-width: 1000px) 100vw, 1000px\" \/><figcaption class=\"wp-block-jetpack-slideshow_caption gallery-caption\">Prix de l&rsquo;Enseignement Musical 2023. CEMF. Paris, 26\/11\/2023. Photo Caroline Doutre<\/figcaption><\/figure><\/li><li class=\"wp-block-jetpack-slideshow_slide swiper-slide\"><figure><img data-recalc-dims=\"1\" loading=\"lazy\" decoding=\"async\" width=\"1024\" height=\"682\" alt=\"\" class=\"wp-block-jetpack-slideshow_image wp-image-1446\" data-id=\"1446\" src=\"https:\/\/i0.wp.com\/www.cemf.fr\/lpem\/wp-content\/uploads\/2023\/11\/Prix_enseignement_musical_2023_23CD1126CEMF_1049-4.jpg?resize=1024%2C682&#038;ssl=1\" srcset=\"https:\/\/i0.wp.com\/www.cemf.fr\/lpem\/wp-content\/uploads\/2023\/11\/Prix_enseignement_musical_2023_23CD1126CEMF_1049-4.jpg?w=1024&amp;ssl=1 1024w, https:\/\/i0.wp.com\/www.cemf.fr\/lpem\/wp-content\/uploads\/2023\/11\/Prix_enseignement_musical_2023_23CD1126CEMF_1049-4.jpg?resize=300%2C200&amp;ssl=1 300w, https:\/\/i0.wp.com\/www.cemf.fr\/lpem\/wp-content\/uploads\/2023\/11\/Prix_enseignement_musical_2023_23CD1126CEMF_1049-4.jpg?resize=768%2C512&amp;ssl=1 768w\" sizes=\"(max-width: 1000px) 100vw, 1000px\" \/><figcaption class=\"wp-block-jetpack-slideshow_caption gallery-caption\">Prix de l&rsquo;Enseignement Musical 2023. CEMF. Paris, 26\/11\/2023. Photo Caroline Doutre<\/figcaption><\/figure><\/li><li class=\"wp-block-jetpack-slideshow_slide swiper-slide\"><figure><img data-recalc-dims=\"1\" loading=\"lazy\" decoding=\"async\" width=\"1024\" height=\"682\" alt=\"\" class=\"wp-block-jetpack-slideshow_image wp-image-1447\" data-id=\"1447\" src=\"https:\/\/i0.wp.com\/www.cemf.fr\/lpem\/wp-content\/uploads\/2023\/11\/Prix_enseignement_musical_2023_23CD1126CEMF_1054-4.jpg?resize=1024%2C682&#038;ssl=1\" srcset=\"https:\/\/i0.wp.com\/www.cemf.fr\/lpem\/wp-content\/uploads\/2023\/11\/Prix_enseignement_musical_2023_23CD1126CEMF_1054-4.jpg?w=1024&amp;ssl=1 1024w, https:\/\/i0.wp.com\/www.cemf.fr\/lpem\/wp-content\/uploads\/2023\/11\/Prix_enseignement_musical_2023_23CD1126CEMF_1054-4.jpg?resize=300%2C200&amp;ssl=1 300w, https:\/\/i0.wp.com\/www.cemf.fr\/lpem\/wp-content\/uploads\/2023\/11\/Prix_enseignement_musical_2023_23CD1126CEMF_1054-4.jpg?resize=768%2C512&amp;ssl=1 768w\" sizes=\"(max-width: 1000px) 100vw, 1000px\" \/><figcaption class=\"wp-block-jetpack-slideshow_caption gallery-caption\">Prix de l&rsquo;Enseignement Musical 2023. CEMF. Paris, 26\/11\/2023. Photo Caroline Doutre<\/figcaption><\/figure><\/li><li class=\"wp-block-jetpack-slideshow_slide swiper-slide\"><figure><img data-recalc-dims=\"1\" loading=\"lazy\" decoding=\"async\" width=\"1024\" height=\"682\" alt=\"\" class=\"wp-block-jetpack-slideshow_image wp-image-1448\" data-id=\"1448\" src=\"https:\/\/i0.wp.com\/www.cemf.fr\/lpem\/wp-content\/uploads\/2023\/11\/Prix_enseignement_musical_2023_23CD1126CEMF_1074-4.jpg?resize=1024%2C682&#038;ssl=1\" srcset=\"https:\/\/i0.wp.com\/www.cemf.fr\/lpem\/wp-content\/uploads\/2023\/11\/Prix_enseignement_musical_2023_23CD1126CEMF_1074-4.jpg?w=1024&amp;ssl=1 1024w, https:\/\/i0.wp.com\/www.cemf.fr\/lpem\/wp-content\/uploads\/2023\/11\/Prix_enseignement_musical_2023_23CD1126CEMF_1074-4.jpg?resize=300%2C200&amp;ssl=1 300w, https:\/\/i0.wp.com\/www.cemf.fr\/lpem\/wp-content\/uploads\/2023\/11\/Prix_enseignement_musical_2023_23CD1126CEMF_1074-4.jpg?resize=768%2C512&amp;ssl=1 768w\" sizes=\"(max-width: 1000px) 100vw, 1000px\" \/><figcaption class=\"wp-block-jetpack-slideshow_caption gallery-caption\">Prix de l&rsquo;Enseignement Musical 2023. CEMF. Paris, 26\/11\/2023. Photo Caroline Doutre<\/figcaption><\/figure><\/li><li class=\"wp-block-jetpack-slideshow_slide swiper-slide\"><figure><img data-recalc-dims=\"1\" loading=\"lazy\" decoding=\"async\" width=\"1024\" height=\"682\" alt=\"\" class=\"wp-block-jetpack-slideshow_image wp-image-1449\" data-id=\"1449\" src=\"https:\/\/i0.wp.com\/www.cemf.fr\/lpem\/wp-content\/uploads\/2023\/11\/Prix_enseignement_musical_2023_23CD1126CEMF_1077-4.jpg?resize=1024%2C682&#038;ssl=1\" srcset=\"https:\/\/i0.wp.com\/www.cemf.fr\/lpem\/wp-content\/uploads\/2023\/11\/Prix_enseignement_musical_2023_23CD1126CEMF_1077-4.jpg?w=1024&amp;ssl=1 1024w, https:\/\/i0.wp.com\/www.cemf.fr\/lpem\/wp-content\/uploads\/2023\/11\/Prix_enseignement_musical_2023_23CD1126CEMF_1077-4.jpg?resize=300%2C200&amp;ssl=1 300w, https:\/\/i0.wp.com\/www.cemf.fr\/lpem\/wp-content\/uploads\/2023\/11\/Prix_enseignement_musical_2023_23CD1126CEMF_1077-4.jpg?resize=768%2C512&amp;ssl=1 768w\" sizes=\"(max-width: 1000px) 100vw, 1000px\" \/><figcaption class=\"wp-block-jetpack-slideshow_caption gallery-caption\">Prix de l&rsquo;Enseignement Musical 2023. CEMF. Paris, 26\/11\/2023. Photo Caroline Doutre<\/figcaption><\/figure><\/li><li class=\"wp-block-jetpack-slideshow_slide swiper-slide\"><figure><img data-recalc-dims=\"1\" loading=\"lazy\" decoding=\"async\" width=\"1024\" height=\"682\" alt=\"\" class=\"wp-block-jetpack-slideshow_image wp-image-1450\" data-id=\"1450\" src=\"https:\/\/i0.wp.com\/www.cemf.fr\/lpem\/wp-content\/uploads\/2023\/11\/Prix_enseignement_musical_2023_23CD1126CEMF_1080-4.jpg?resize=1024%2C682&#038;ssl=1\" srcset=\"https:\/\/i0.wp.com\/www.cemf.fr\/lpem\/wp-content\/uploads\/2023\/11\/Prix_enseignement_musical_2023_23CD1126CEMF_1080-4.jpg?w=1024&amp;ssl=1 1024w, https:\/\/i0.wp.com\/www.cemf.fr\/lpem\/wp-content\/uploads\/2023\/11\/Prix_enseignement_musical_2023_23CD1126CEMF_1080-4.jpg?resize=300%2C200&amp;ssl=1 300w, https:\/\/i0.wp.com\/www.cemf.fr\/lpem\/wp-content\/uploads\/2023\/11\/Prix_enseignement_musical_2023_23CD1126CEMF_1080-4.jpg?resize=768%2C512&amp;ssl=1 768w\" sizes=\"(max-width: 1000px) 100vw, 1000px\" \/><figcaption class=\"wp-block-jetpack-slideshow_caption gallery-caption\">Prix de l&rsquo;Enseignement Musical 2023. CEMF. Paris, 26\/11\/2023. Photo Caroline Doutre<\/figcaption><\/figure><\/li><li class=\"wp-block-jetpack-slideshow_slide swiper-slide\"><figure><img data-recalc-dims=\"1\" loading=\"lazy\" decoding=\"async\" width=\"1024\" height=\"682\" alt=\"\" class=\"wp-block-jetpack-slideshow_image wp-image-1451\" data-id=\"1451\" src=\"https:\/\/i0.wp.com\/www.cemf.fr\/lpem\/wp-content\/uploads\/2023\/11\/Prix_enseignement_musical_2023_23CD1126CEMF_1088-4.jpg?resize=1024%2C682&#038;ssl=1\" srcset=\"https:\/\/i0.wp.com\/www.cemf.fr\/lpem\/wp-content\/uploads\/2023\/11\/Prix_enseignement_musical_2023_23CD1126CEMF_1088-4.jpg?w=1024&amp;ssl=1 1024w, https:\/\/i0.wp.com\/www.cemf.fr\/lpem\/wp-content\/uploads\/2023\/11\/Prix_enseignement_musical_2023_23CD1126CEMF_1088-4.jpg?resize=300%2C200&amp;ssl=1 300w, https:\/\/i0.wp.com\/www.cemf.fr\/lpem\/wp-content\/uploads\/2023\/11\/Prix_enseignement_musical_2023_23CD1126CEMF_1088-4.jpg?resize=768%2C512&amp;ssl=1 768w\" sizes=\"(max-width: 1000px) 100vw, 1000px\" \/><figcaption class=\"wp-block-jetpack-slideshow_caption gallery-caption\">Prix de l&rsquo;Enseignement Musical 2023. CEMF. Paris, 26\/11\/2023. Photo Caroline Doutre<\/figcaption><\/figure><\/li><li class=\"wp-block-jetpack-slideshow_slide swiper-slide\"><figure><img data-recalc-dims=\"1\" loading=\"lazy\" decoding=\"async\" width=\"1024\" height=\"682\" alt=\"\" class=\"wp-block-jetpack-slideshow_image wp-image-1452\" data-id=\"1452\" src=\"https:\/\/i0.wp.com\/www.cemf.fr\/lpem\/wp-content\/uploads\/2023\/11\/Prix_enseignement_musical_2023_23CD1126CEMF_1094-4.jpg?resize=1024%2C682&#038;ssl=1\" srcset=\"https:\/\/i0.wp.com\/www.cemf.fr\/lpem\/wp-content\/uploads\/2023\/11\/Prix_enseignement_musical_2023_23CD1126CEMF_1094-4.jpg?w=1024&amp;ssl=1 1024w, https:\/\/i0.wp.com\/www.cemf.fr\/lpem\/wp-content\/uploads\/2023\/11\/Prix_enseignement_musical_2023_23CD1126CEMF_1094-4.jpg?resize=300%2C200&amp;ssl=1 300w, https:\/\/i0.wp.com\/www.cemf.fr\/lpem\/wp-content\/uploads\/2023\/11\/Prix_enseignement_musical_2023_23CD1126CEMF_1094-4.jpg?resize=768%2C512&amp;ssl=1 768w\" sizes=\"(max-width: 1000px) 100vw, 1000px\" \/><figcaption class=\"wp-block-jetpack-slideshow_caption gallery-caption\">Prix de l&rsquo;Enseignement Musical 2023. CEMF. Paris, 26\/11\/2023. Photo Caroline Doutre<\/figcaption><\/figure><\/li><li class=\"wp-block-jetpack-slideshow_slide swiper-slide\"><figure><img data-recalc-dims=\"1\" loading=\"lazy\" decoding=\"async\" width=\"1024\" height=\"682\" alt=\"\" class=\"wp-block-jetpack-slideshow_image wp-image-1453\" data-id=\"1453\" src=\"https:\/\/i0.wp.com\/www.cemf.fr\/lpem\/wp-content\/uploads\/2023\/11\/Prix_enseignement_musical_2023_23CD1126CEMF_1104-4.jpg?resize=1024%2C682&#038;ssl=1\" srcset=\"https:\/\/i0.wp.com\/www.cemf.fr\/lpem\/wp-content\/uploads\/2023\/11\/Prix_enseignement_musical_2023_23CD1126CEMF_1104-4.jpg?w=1024&amp;ssl=1 1024w, https:\/\/i0.wp.com\/www.cemf.fr\/lpem\/wp-content\/uploads\/2023\/11\/Prix_enseignement_musical_2023_23CD1126CEMF_1104-4.jpg?resize=300%2C200&amp;ssl=1 300w, https:\/\/i0.wp.com\/www.cemf.fr\/lpem\/wp-content\/uploads\/2023\/11\/Prix_enseignement_musical_2023_23CD1126CEMF_1104-4.jpg?resize=768%2C512&amp;ssl=1 768w\" sizes=\"(max-width: 1000px) 100vw, 1000px\" \/><figcaption class=\"wp-block-jetpack-slideshow_caption gallery-caption\">Prix de l&rsquo;Enseignement Musical 2023. CEMF. Paris, 26\/11\/2023. Photo Caroline Doutre<\/figcaption><\/figure><\/li><li class=\"wp-block-jetpack-slideshow_slide swiper-slide\"><figure><img data-recalc-dims=\"1\" loading=\"lazy\" decoding=\"async\" width=\"1024\" height=\"682\" alt=\"\" class=\"wp-block-jetpack-slideshow_image wp-image-1454\" data-id=\"1454\" src=\"https:\/\/i0.wp.com\/www.cemf.fr\/lpem\/wp-content\/uploads\/2023\/11\/Prix_enseignement_musical_2023_23CD1126CEMF_1116-4.jpg?resize=1024%2C682&#038;ssl=1\" srcset=\"https:\/\/i0.wp.com\/www.cemf.fr\/lpem\/wp-content\/uploads\/2023\/11\/Prix_enseignement_musical_2023_23CD1126CEMF_1116-4.jpg?w=1024&amp;ssl=1 1024w, https:\/\/i0.wp.com\/www.cemf.fr\/lpem\/wp-content\/uploads\/2023\/11\/Prix_enseignement_musical_2023_23CD1126CEMF_1116-4.jpg?resize=300%2C200&amp;ssl=1 300w, https:\/\/i0.wp.com\/www.cemf.fr\/lpem\/wp-content\/uploads\/2023\/11\/Prix_enseignement_musical_2023_23CD1126CEMF_1116-4.jpg?resize=768%2C512&amp;ssl=1 768w\" sizes=\"(max-width: 1000px) 100vw, 1000px\" \/><figcaption class=\"wp-block-jetpack-slideshow_caption gallery-caption\">Prix de l&rsquo;Enseignement Musical 2023. CEMF. Paris, 26\/11\/2023. Photo Caroline Doutre<\/figcaption><\/figure><\/li><li class=\"wp-block-jetpack-slideshow_slide swiper-slide\"><figure><img data-recalc-dims=\"1\" loading=\"lazy\" decoding=\"async\" width=\"1024\" height=\"682\" alt=\"\" class=\"wp-block-jetpack-slideshow_image wp-image-1455\" data-id=\"1455\" src=\"https:\/\/i0.wp.com\/www.cemf.fr\/lpem\/wp-content\/uploads\/2023\/11\/Prix_enseignement_musical_2023_23CD1126CEMF_1120-4.jpg?resize=1024%2C682&#038;ssl=1\" srcset=\"https:\/\/i0.wp.com\/www.cemf.fr\/lpem\/wp-content\/uploads\/2023\/11\/Prix_enseignement_musical_2023_23CD1126CEMF_1120-4.jpg?w=1024&amp;ssl=1 1024w, https:\/\/i0.wp.com\/www.cemf.fr\/lpem\/wp-content\/uploads\/2023\/11\/Prix_enseignement_musical_2023_23CD1126CEMF_1120-4.jpg?resize=300%2C200&amp;ssl=1 300w, https:\/\/i0.wp.com\/www.cemf.fr\/lpem\/wp-content\/uploads\/2023\/11\/Prix_enseignement_musical_2023_23CD1126CEMF_1120-4.jpg?resize=768%2C512&amp;ssl=1 768w\" sizes=\"(max-width: 1000px) 100vw, 1000px\" \/><figcaption class=\"wp-block-jetpack-slideshow_caption gallery-caption\">Prix de l&rsquo;Enseignement Musical 2023. CEMF. Paris, 26\/11\/2023. Photo Caroline Doutre<\/figcaption><\/figure><\/li><li class=\"wp-block-jetpack-slideshow_slide swiper-slide\"><figure><img data-recalc-dims=\"1\" loading=\"lazy\" decoding=\"async\" width=\"1024\" height=\"682\" alt=\"\" class=\"wp-block-jetpack-slideshow_image wp-image-1456\" data-id=\"1456\" src=\"https:\/\/i0.wp.com\/www.cemf.fr\/lpem\/wp-content\/uploads\/2023\/11\/Prix_enseignement_musical_2023_23CD1126CEMF_1132-4.jpg?resize=1024%2C682&#038;ssl=1\" srcset=\"https:\/\/i0.wp.com\/www.cemf.fr\/lpem\/wp-content\/uploads\/2023\/11\/Prix_enseignement_musical_2023_23CD1126CEMF_1132-4.jpg?w=1024&amp;ssl=1 1024w, https:\/\/i0.wp.com\/www.cemf.fr\/lpem\/wp-content\/uploads\/2023\/11\/Prix_enseignement_musical_2023_23CD1126CEMF_1132-4.jpg?resize=300%2C200&amp;ssl=1 300w, https:\/\/i0.wp.com\/www.cemf.fr\/lpem\/wp-content\/uploads\/2023\/11\/Prix_enseignement_musical_2023_23CD1126CEMF_1132-4.jpg?resize=768%2C512&amp;ssl=1 768w\" sizes=\"(max-width: 1000px) 100vw, 1000px\" \/><figcaption class=\"wp-block-jetpack-slideshow_caption gallery-caption\">Prix de l&rsquo;Enseignement Musical 2023. CEMF. Paris, 26\/11\/2023. Photo Caroline Doutre<\/figcaption><\/figure><\/li><li class=\"wp-block-jetpack-slideshow_slide swiper-slide\"><figure><img data-recalc-dims=\"1\" loading=\"lazy\" decoding=\"async\" width=\"1024\" height=\"682\" alt=\"\" class=\"wp-block-jetpack-slideshow_image wp-image-1457\" data-id=\"1457\" src=\"https:\/\/i0.wp.com\/www.cemf.fr\/lpem\/wp-content\/uploads\/2023\/11\/Prix_enseignement_musical_2023_23CD1126CEMF_1136-4.jpg?resize=1024%2C682&#038;ssl=1\" srcset=\"https:\/\/i0.wp.com\/www.cemf.fr\/lpem\/wp-content\/uploads\/2023\/11\/Prix_enseignement_musical_2023_23CD1126CEMF_1136-4.jpg?w=1024&amp;ssl=1 1024w, https:\/\/i0.wp.com\/www.cemf.fr\/lpem\/wp-content\/uploads\/2023\/11\/Prix_enseignement_musical_2023_23CD1126CEMF_1136-4.jpg?resize=300%2C200&amp;ssl=1 300w, https:\/\/i0.wp.com\/www.cemf.fr\/lpem\/wp-content\/uploads\/2023\/11\/Prix_enseignement_musical_2023_23CD1126CEMF_1136-4.jpg?resize=768%2C512&amp;ssl=1 768w\" sizes=\"(max-width: 1000px) 100vw, 1000px\" \/><figcaption class=\"wp-block-jetpack-slideshow_caption gallery-caption\">Prix de l&rsquo;Enseignement Musical 2023. CEMF. Paris, 26\/11\/2023. Photo Caroline Doutre<\/figcaption><\/figure><\/li><li class=\"wp-block-jetpack-slideshow_slide swiper-slide\"><figure><img data-recalc-dims=\"1\" loading=\"lazy\" decoding=\"async\" width=\"1024\" height=\"682\" alt=\"\" class=\"wp-block-jetpack-slideshow_image wp-image-1458\" data-id=\"1458\" src=\"https:\/\/i0.wp.com\/www.cemf.fr\/lpem\/wp-content\/uploads\/2023\/11\/Prix_enseignement_musical_2023_23CD1126CEMF_1138-4.jpg?resize=1024%2C682&#038;ssl=1\" srcset=\"https:\/\/i0.wp.com\/www.cemf.fr\/lpem\/wp-content\/uploads\/2023\/11\/Prix_enseignement_musical_2023_23CD1126CEMF_1138-4.jpg?w=1024&amp;ssl=1 1024w, https:\/\/i0.wp.com\/www.cemf.fr\/lpem\/wp-content\/uploads\/2023\/11\/Prix_enseignement_musical_2023_23CD1126CEMF_1138-4.jpg?resize=300%2C200&amp;ssl=1 300w, https:\/\/i0.wp.com\/www.cemf.fr\/lpem\/wp-content\/uploads\/2023\/11\/Prix_enseignement_musical_2023_23CD1126CEMF_1138-4.jpg?resize=768%2C512&amp;ssl=1 768w\" sizes=\"(max-width: 1000px) 100vw, 1000px\" \/><figcaption class=\"wp-block-jetpack-slideshow_caption gallery-caption\">Prix de l&rsquo;Enseignement Musical 2023. CEMF. Paris, 26\/11\/2023. Photo Caroline Doutre<\/figcaption><\/figure><\/li><li class=\"wp-block-jetpack-slideshow_slide swiper-slide\"><figure><img data-recalc-dims=\"1\" loading=\"lazy\" decoding=\"async\" width=\"1024\" height=\"682\" alt=\"\" class=\"wp-block-jetpack-slideshow_image wp-image-1459\" data-id=\"1459\" src=\"https:\/\/i0.wp.com\/www.cemf.fr\/lpem\/wp-content\/uploads\/2023\/11\/Prix_enseignement_musical_2023_23CD1126CEMF_1155-4.jpg?resize=1024%2C682&#038;ssl=1\" srcset=\"https:\/\/i0.wp.com\/www.cemf.fr\/lpem\/wp-content\/uploads\/2023\/11\/Prix_enseignement_musical_2023_23CD1126CEMF_1155-4.jpg?w=1024&amp;ssl=1 1024w, https:\/\/i0.wp.com\/www.cemf.fr\/lpem\/wp-content\/uploads\/2023\/11\/Prix_enseignement_musical_2023_23CD1126CEMF_1155-4.jpg?resize=300%2C200&amp;ssl=1 300w, https:\/\/i0.wp.com\/www.cemf.fr\/lpem\/wp-content\/uploads\/2023\/11\/Prix_enseignement_musical_2023_23CD1126CEMF_1155-4.jpg?resize=768%2C512&amp;ssl=1 768w\" sizes=\"(max-width: 1000px) 100vw, 1000px\" \/><figcaption class=\"wp-block-jetpack-slideshow_caption gallery-caption\">Prix de l&rsquo;Enseignement Musical 2023. CEMF. Paris, 26\/11\/2023. Photo Caroline Doutre<\/figcaption><\/figure><\/li><li class=\"wp-block-jetpack-slideshow_slide swiper-slide\"><figure><img data-recalc-dims=\"1\" loading=\"lazy\" decoding=\"async\" width=\"1024\" height=\"682\" alt=\"\" class=\"wp-block-jetpack-slideshow_image wp-image-1460\" data-id=\"1460\" src=\"https:\/\/i0.wp.com\/www.cemf.fr\/lpem\/wp-content\/uploads\/2023\/11\/Prix_enseignement_musical_2023_23CD1126CEMF_1158-4.jpg?resize=1024%2C682&#038;ssl=1\" srcset=\"https:\/\/i0.wp.com\/www.cemf.fr\/lpem\/wp-content\/uploads\/2023\/11\/Prix_enseignement_musical_2023_23CD1126CEMF_1158-4.jpg?w=1024&amp;ssl=1 1024w, https:\/\/i0.wp.com\/www.cemf.fr\/lpem\/wp-content\/uploads\/2023\/11\/Prix_enseignement_musical_2023_23CD1126CEMF_1158-4.jpg?resize=300%2C200&amp;ssl=1 300w, https:\/\/i0.wp.com\/www.cemf.fr\/lpem\/wp-content\/uploads\/2023\/11\/Prix_enseignement_musical_2023_23CD1126CEMF_1158-4.jpg?resize=768%2C512&amp;ssl=1 768w\" sizes=\"(max-width: 1000px) 100vw, 1000px\" \/><figcaption class=\"wp-block-jetpack-slideshow_caption gallery-caption\">Prix de l&rsquo;Enseignement Musical 2023. CEMF. Paris, 26\/11\/2023. Photo Caroline Doutre<\/figcaption><\/figure><\/li><li class=\"wp-block-jetpack-slideshow_slide swiper-slide\"><figure><img data-recalc-dims=\"1\" loading=\"lazy\" decoding=\"async\" width=\"1024\" height=\"682\" alt=\"\" class=\"wp-block-jetpack-slideshow_image wp-image-1461\" data-id=\"1461\" src=\"https:\/\/i0.wp.com\/www.cemf.fr\/lpem\/wp-content\/uploads\/2023\/11\/Prix_enseignement_musical_2023_23CD1126CEMF_1165-4.jpg?resize=1024%2C682&#038;ssl=1\" srcset=\"https:\/\/i0.wp.com\/www.cemf.fr\/lpem\/wp-content\/uploads\/2023\/11\/Prix_enseignement_musical_2023_23CD1126CEMF_1165-4.jpg?w=1024&amp;ssl=1 1024w, https:\/\/i0.wp.com\/www.cemf.fr\/lpem\/wp-content\/uploads\/2023\/11\/Prix_enseignement_musical_2023_23CD1126CEMF_1165-4.jpg?resize=300%2C200&amp;ssl=1 300w, https:\/\/i0.wp.com\/www.cemf.fr\/lpem\/wp-content\/uploads\/2023\/11\/Prix_enseignement_musical_2023_23CD1126CEMF_1165-4.jpg?resize=768%2C512&amp;ssl=1 768w\" sizes=\"(max-width: 1000px) 100vw, 1000px\" \/><figcaption class=\"wp-block-jetpack-slideshow_caption gallery-caption\">Prix de l&rsquo;Enseignement Musical 2023. CEMF. Paris, 26\/11\/2023. Photo Caroline Doutre<\/figcaption><\/figure><\/li><li class=\"wp-block-jetpack-slideshow_slide swiper-slide\"><figure><img data-recalc-dims=\"1\" loading=\"lazy\" decoding=\"async\" width=\"1024\" height=\"682\" alt=\"\" class=\"wp-block-jetpack-slideshow_image wp-image-1462\" data-id=\"1462\" src=\"https:\/\/i0.wp.com\/www.cemf.fr\/lpem\/wp-content\/uploads\/2023\/11\/Prix_enseignement_musical_2023_23CD1126CEMF_1171-4.jpg?resize=1024%2C682&#038;ssl=1\" srcset=\"https:\/\/i0.wp.com\/www.cemf.fr\/lpem\/wp-content\/uploads\/2023\/11\/Prix_enseignement_musical_2023_23CD1126CEMF_1171-4.jpg?w=1024&amp;ssl=1 1024w, https:\/\/i0.wp.com\/www.cemf.fr\/lpem\/wp-content\/uploads\/2023\/11\/Prix_enseignement_musical_2023_23CD1126CEMF_1171-4.jpg?resize=300%2C200&amp;ssl=1 300w, https:\/\/i0.wp.com\/www.cemf.fr\/lpem\/wp-content\/uploads\/2023\/11\/Prix_enseignement_musical_2023_23CD1126CEMF_1171-4.jpg?resize=768%2C512&amp;ssl=1 768w\" sizes=\"(max-width: 1000px) 100vw, 1000px\" \/><figcaption class=\"wp-block-jetpack-slideshow_caption gallery-caption\">Prix de l&rsquo;Enseignement Musical 2023. CEMF. Paris, 26\/11\/2023. Photo Caroline Doutre<\/figcaption><\/figure><\/li><li class=\"wp-block-jetpack-slideshow_slide swiper-slide\"><figure><img data-recalc-dims=\"1\" loading=\"lazy\" decoding=\"async\" width=\"1024\" height=\"682\" alt=\"\" class=\"wp-block-jetpack-slideshow_image wp-image-1463\" data-id=\"1463\" src=\"https:\/\/i0.wp.com\/www.cemf.fr\/lpem\/wp-content\/uploads\/2023\/11\/Prix_enseignement_musical_2023_23CD1126CEMF_1191-4.jpg?resize=1024%2C682&#038;ssl=1\" srcset=\"https:\/\/i0.wp.com\/www.cemf.fr\/lpem\/wp-content\/uploads\/2023\/11\/Prix_enseignement_musical_2023_23CD1126CEMF_1191-4.jpg?w=1024&amp;ssl=1 1024w, https:\/\/i0.wp.com\/www.cemf.fr\/lpem\/wp-content\/uploads\/2023\/11\/Prix_enseignement_musical_2023_23CD1126CEMF_1191-4.jpg?resize=300%2C200&amp;ssl=1 300w, https:\/\/i0.wp.com\/www.cemf.fr\/lpem\/wp-content\/uploads\/2023\/11\/Prix_enseignement_musical_2023_23CD1126CEMF_1191-4.jpg?resize=768%2C512&amp;ssl=1 768w\" sizes=\"(max-width: 1000px) 100vw, 1000px\" \/><figcaption class=\"wp-block-jetpack-slideshow_caption gallery-caption\">Prix de l&rsquo;Enseignement Musical 2023. CEMF. Paris, 26\/11\/2023. Photo Caroline Doutre<\/figcaption><\/figure><\/li><\/ul><a class=\"wp-block-jetpack-slideshow_button-prev swiper-button-prev swiper-button-white\" role=\"button\"><\/a><a class=\"wp-block-jetpack-slideshow_button-next swiper-button-next swiper-button-white\" role=\"button\"><\/a><a aria-label=\"Pause Slideshow\" class=\"wp-block-jetpack-slideshow_button-pause\" role=\"button\"><\/a><div class=\"wp-block-jetpack-slideshow_pagination swiper-pagination swiper-pagination-white\"><\/div><\/div><\/div>\n","protected":false},"excerpt":{"rendered":"<p>C\u00e9r\u00e9monie des Prix de l&rsquo;Enseignement Musical, dimanche 26 novembre 2023, la Tour Eiffel<\/p>\n","protected":false},"author":1,"featured_media":0,"parent":0,"menu_order":0,"comment_status":"closed","ping_status":"closed","template":"","meta":{"_acf_changed":false,"jetpack_post_was_ever_published":false,"footnotes":""},"class_list":["post-1113","page","type-page","status-publish","hentry"],"acf":[],"jetpack_sharing_enabled":true,"jetpack_shortlink":"https:\/\/wp.me\/P83htQ-hX","jetpack-related-posts":[],"_links":{"self":[{"href":"https:\/\/www.cemf.fr\/lpem\/wp-json\/wp\/v2\/pages\/1113","targetHints":{"allow":["GET"]}}],"collection":[{"href":"https:\/\/www.cemf.fr\/lpem\/wp-json\/wp\/v2\/pages"}],"about":[{"href":"https:\/\/www.cemf.fr\/lpem\/wp-json\/wp\/v2\/types\/page"}],"author":[{"embeddable":true,"href":"https:\/\/www.cemf.fr\/lpem\/wp-json\/wp\/v2\/users\/1"}],"replies":[{"embeddable":true,"href":"https:\/\/www.cemf.fr\/lpem\/wp-json\/wp\/v2\/comments?post=1113"}],"version-history":[{"count":2,"href":"https:\/\/www.cemf.fr\/lpem\/wp-json\/wp\/v2\/pages\/1113\/revisions"}],"predecessor-version":[{"id":1464,"href":"https:\/\/www.cemf.fr\/lpem\/wp-json\/wp\/v2\/pages\/1113\/revisions\/1464"}],"wp:attachment":[{"href":"https:\/\/www.cemf.fr\/lpem\/wp-json\/wp\/v2\/media?parent=1113"}],"curies":[{"name":"wp","href":"https:\/\/api.w.org\/{rel}","templated":true}]}}